{"id":5939,"date":"2024-02-19T18:02:45","date_gmt":"2024-02-19T21:02:45","guid":{"rendered":"https:\/\/site.hbcmobility.com.br\/dc-fast-charging-copy\/"},"modified":"2024-02-19T18:03:49","modified_gmt":"2024-02-19T21:03:49","slug":"dc-fast-charging-180","status":"publish","type":"product","link":"https:\/\/hbcmobility.com.br\/br\/dc-fast-charging-180\/","title":{"rendered":"Carregador DC Ultra R\u00e1pido - 180kW"},"content":{"rendered":"<div data-elementor-type=\"product-post\" data-elementor-id=\"5939\" class=\"elementor elementor-5939\">\n\t\t\t\t\t\t<section class=\"elementor-section elementor-top-section elementor-element elementor-element-57153f0 elementor-section-boxed elementor-section-height-default elementor-section-height-default\" data-id=\"57153f0\" data-element_type=\"section\">\n\t\t\t\t\t\t<div class=\"elementor-container elementor-column-gap-default\">\n\t\t\t\t\t<div class=\"elementor-column elementor-col-100 elementor-top-column elementor-element elementor-element-a194ebe\" data-id=\"a194ebe\" data-element_type=\"column\">\n\t\t\t<div class=\"elementor-widget-wrap elementor-element-populated\">\n\t\t\t\t\t\t<div class=\"elementor-element elementor-element-724e766 elementor-widget elementor-widget-text-editor\" data-id=\"724e766\" data-element_type=\"widget\" data-widget_type=\"text-editor.default\">\n\t\t\t\t<div class=\"elementor-widget-container\">\n\t\t\t<style>\/*! elementor - v3.19.0 - 29-01-2024 *\/\n.elementor-widget-text-editor.elementor-drop-cap-view-stacked .elementor-drop-cap{background-color:#69727d;color:#fff}.elementor-widget-text-editor.elementor-drop-cap-view-framed .elementor-drop-cap{color:#69727d;border:3px solid;background-color:transparent}.elementor-widget-text-editor:not(.elementor-drop-cap-view-default) .elementor-drop-cap{margin-top:8px}.elementor-widget-text-editor:not(.elementor-drop-cap-view-default) .elementor-drop-cap-letter{width:1em;height:1em}.elementor-widget-text-editor .elementor-drop-cap{float:left;text-align:center;line-height:1;font-size:50px}.elementor-widget-text-editor .elementor-drop-cap-letter{display:inline-block}<\/style>\t\t\t\t<p>Hoje em dia, cada vez mais ve\u00edculos el\u00e9tricos est\u00e3o nas ruas, tornando-se necess\u00e1rio uma recarga mais r\u00e1pida.<\/p>\t\t\t\t\t\t<\/div>\n\t\t\t\t<\/div>\n\t\t\t\t\t<\/div>\n\t\t<\/div>\n\t\t\t\t\t<\/div>\n\t\t<\/section>\n\t\t\t\t<section class=\"elementor-section elementor-top-section elementor-element elementor-element-83d7d0f elementor-section-boxed elementor-section-height-default elementor-section-height-default\" data-id=\"83d7d0f\" data-element_type=\"section\">\n\t\t\t\t\t\t<div class=\"elementor-container elementor-column-gap-default\">\n\t\t\t\t\t<div class=\"elementor-column elementor-col-50 elementor-top-column elementor-element elementor-element-7285334\" data-id=\"7285334\" data-element_type=\"column\">\n\t\t\t<div class=\"elementor-widget-wrap elementor-element-populated\">\n\t\t\t\t\t\t<div class=\"elementor-element elementor-element-7deac97 elementor-widget elementor-widget-text-editor\" data-id=\"7deac97\" data-element_type=\"widget\" data-widget_type=\"text-editor.default\">\n\t\t\t\t<div class=\"elementor-widget-container\">\n\t\t\t\t\t\t\t<p><strong>Principais caracter\u00edsticas:<\/strong><\/p><ul><li>Carregador r\u00e1pido DC com suporte para conectores CCS, CHAdeMO ou GBT<\/li><li>ISO 15118 Plug &amp; Charge<\/li><li>Suporte a v\u00e1rios idiomas<\/li><li>Tela sens\u00edvel ao toque<\/li><li>Autoriza\u00e7\u00e3o RFID<\/li><li>Suporte a c\u00f3digo PIN (OTP)<\/li><li>Gabinete robusto de a\u00e7o inoxid\u00e1vel para todas as condi\u00e7\u00f5es clim\u00e1ticas<\/li><li>Instala\u00e7\u00e3o r\u00e1pida e f\u00e1cil<\/li><\/ul>\t\t\t\t\t\t<\/div>\n\t\t\t\t<\/div>\n\t\t\t\t\t<\/div>\n\t\t<\/div>\n\t\t\t\t<div class=\"elementor-column elementor-col-50 elementor-top-column elementor-element elementor-element-5e05a1e\" data-id=\"5e05a1e\" data-element_type=\"column\">\n\t\t\t<div class=\"elementor-widget-wrap elementor-element-populated\">\n\t\t\t\t\t\t<div class=\"elementor-element elementor-element-07a83f2 elementor-widget elementor-widget-image\" data-id=\"07a83f2\" data-element_type=\"widget\" data-widget_type=\"image.default\">\n\t\t\t\t<div class=\"elementor-widget-container\">\n\t\t\t<style>\/*! elementor - v3.19.0 - 29-01-2024 *\/\n.elementor-widget-image{text-align:center}.elementor-widget-image a{display:inline-block}.elementor-widget-image a img[src$=\".svg\"]{width:48px}.elementor-widget-image img{vertical-align:middle;display:inline-block}<\/style>\t\t\t\t\t\t\t\t\t\t<img fetchpriority=\"high\" decoding=\"async\" width=\"750\" height=\"750\" src=\"https:\/\/hbcmobility.com.br\/wp-content\/uploads\/2023\/05\/60kW-90kW-120kW-150kW-DC-Fast-EV-2.png\" class=\"attachment-full size-full wp-image-4905\" alt=\"\" srcset=\"https:\/\/hbcmobility.com.br\/wp-content\/uploads\/2023\/05\/60kW-90kW-120kW-150kW-DC-Fast-EV-2.png 750w, https:\/\/hbcmobility.com.br\/wp-content\/uploads\/2023\/05\/60kW-90kW-120kW-150kW-DC-Fast-EV-2-300x300.png 300w, https:\/\/hbcmobility.com.br\/wp-content\/uploads\/2023\/05\/60kW-90kW-120kW-150kW-DC-Fast-EV-2-150x150.png 150w, https:\/\/hbcmobility.com.br\/wp-content\/uploads\/2023\/05\/60kW-90kW-120kW-150kW-DC-Fast-EV-2-12x12.png 12w, https:\/\/hbcmobility.com.br\/wp-content\/uploads\/2023\/05\/60kW-90kW-120kW-150kW-DC-Fast-EV-2-285x285.png 285w, https:\/\/hbcmobility.com.br\/wp-content\/uploads\/2023\/05\/60kW-90kW-120kW-150kW-DC-Fast-EV-2-270x270.png 270w, https:\/\/hbcmobility.com.br\/wp-content\/uploads\/2023\/05\/60kW-90kW-120kW-150kW-DC-Fast-EV-2-540x540.png 540w, https:\/\/hbcmobility.com.br\/wp-content\/uploads\/2023\/05\/60kW-90kW-120kW-150kW-DC-Fast-EV-2-660x660.png 660w\" sizes=\"(max-width: 750px) 100vw, 750px\" \/>\t\t\t\t\t\t\t\t\t\t\t\t\t<\/div>\n\t\t\t\t<\/div>\n\t\t\t\t\t<\/div>\n\t\t<\/div>\n\t\t\t\t\t<\/div>\n\t\t<\/section>\n\t\t\t\t<section class=\"elementor-section elementor-top-section elementor-element elementor-element-c44a971 elementor-section-boxed elementor-section-height-default elementor-section-height-default\" data-id=\"c44a971\" data-element_type=\"section\">\n\t\t\t\t\t\t<div class=\"elementor-container elementor-column-gap-default\">\n\t\t\t\t\t<div class=\"elementor-column elementor-col-50 elementor-top-column elementor-element elementor-element-c2d86ee\" data-id=\"c2d86ee\" data-element_type=\"column\">\n\t\t\t<div class=\"elementor-widget-wrap elementor-element-populated\">\n\t\t\t\t\t\t<div class=\"elementor-element elementor-element-4bf0f15 elementor-widget elementor-widget-image\" data-id=\"4bf0f15\" data-element_type=\"widget\" data-widget_type=\"image.default\">\n\t\t\t\t<div class=\"elementor-widget-container\">\n\t\t\t\t\t\t\t\t\t\t\t\t\t<img decoding=\"async\" width=\"800\" height=\"800\" src=\"https:\/\/hbcmobility.com.br\/wp-content\/uploads\/2023\/05\/Perfect-partner-for-fast-EV-char.png\" class=\"attachment-full size-full wp-image-4906\" alt=\"\" srcset=\"https:\/\/hbcmobility.com.br\/wp-content\/uploads\/2023\/05\/Perfect-partner-for-fast-EV-char.png 800w, https:\/\/hbcmobility.com.br\/wp-content\/uploads\/2023\/05\/Perfect-partner-for-fast-EV-char-300x300.png 300w, https:\/\/hbcmobility.com.br\/wp-content\/uploads\/2023\/05\/Perfect-partner-for-fast-EV-char-150x150.png 150w, https:\/\/hbcmobility.com.br\/wp-content\/uploads\/2023\/05\/Perfect-partner-for-fast-EV-char-768x768.png 768w, https:\/\/hbcmobility.com.br\/wp-content\/uploads\/2023\/05\/Perfect-partner-for-fast-EV-char-12x12.png 12w, https:\/\/hbcmobility.com.br\/wp-content\/uploads\/2023\/05\/Perfect-partner-for-fast-EV-char-285x285.png 285w, https:\/\/hbcmobility.com.br\/wp-content\/uploads\/2023\/05\/Perfect-partner-for-fast-EV-char-270x270.png 270w, https:\/\/hbcmobility.com.br\/wp-content\/uploads\/2023\/05\/Perfect-partner-for-fast-EV-char-540x540.png 540w, https:\/\/hbcmobility.com.br\/wp-content\/uploads\/2023\/05\/Perfect-partner-for-fast-EV-char-660x660.png 660w\" sizes=\"(max-width: 800px) 100vw, 800px\" \/>\t\t\t\t\t\t\t\t\t\t\t\t\t<\/div>\n\t\t\t\t<\/div>\n\t\t\t\t\t<\/div>\n\t\t<\/div>\n\t\t\t\t<div class=\"elementor-column elementor-col-50 elementor-top-column elementor-element elementor-element-b41e707\" data-id=\"b41e707\" data-element_type=\"column\">\n\t\t\t<div class=\"elementor-widget-wrap elementor-element-populated\">\n\t\t\t\t\t\t<div class=\"elementor-element elementor-element-366be1c elementor-widget elementor-widget-text-editor\" data-id=\"366be1c\" data-element_type=\"widget\" data-widget_type=\"text-editor.default\">\n\t\t\t\t<div class=\"elementor-widget-container\">\n\t\t\t\t\t\t\t<p><strong>Carregamento r\u00e1pido de ve\u00edculos el\u00e9tricos<\/strong><\/p><p>Os carregadores r\u00e1pidos DC s\u00e3o projetados para o recarga r\u00e1pida de todos os modelos de ve\u00edculos el\u00e9tricos que suportam os conectores CCS 1, CCS 2, CHAdeMO e GB-T. Com sua modularidade, permite uma pot\u00eancia m\u00e1xima de recarga de at\u00e9 180 kW e pode carregar dois ve\u00edculos el\u00e9tricos simultaneamente.<\/p>\t\t\t\t\t\t<\/div>\n\t\t\t\t<\/div>\n\t\t\t\t\t<\/div>\n\t\t<\/div>\n\t\t\t\t\t<\/div>\n\t\t<\/section>\n\t\t\t\t<section class=\"elementor-section elementor-top-section elementor-element elementor-element-7479d51 elementor-section-boxed elementor-section-height-default elementor-section-height-default\" data-id=\"7479d51\" data-element_type=\"section\">\n\t\t\t\t\t\t<div class=\"elementor-container elementor-column-gap-default\">\n\t\t\t\t\t<div class=\"elementor-column elementor-col-50 elementor-top-column elementor-element elementor-element-01b3914\" data-id=\"01b3914\" data-element_type=\"column\">\n\t\t\t<div class=\"elementor-widget-wrap elementor-element-populated\">\n\t\t\t\t\t\t<div class=\"elementor-element elementor-element-19e9715 elementor-widget elementor-widget-text-editor\" data-id=\"19e9715\" data-element_type=\"widget\" data-widget_type=\"text-editor.default\">\n\t\t\t\t<div class=\"elementor-widget-container\">\n\t\t\t\t\t\t\t<p><strong>Conformidade com o protocolo OCPP<\/strong><\/p><p>Totalmente compat\u00edvel com protocolo OCPP 1.6J e OCPP 2.0, o que significa que voc\u00ea pode conect\u00e1-lo facilmente ao seu CCMS para monitoramento e gerenciamento remotos. Carregadores com  recurso de balanceamento de carga.<\/p>\t\t\t\t\t\t<\/div>\n\t\t\t\t<\/div>\n\t\t\t\t\t<\/div>\n\t\t<\/div>\n\t\t\t\t<div class=\"elementor-column elementor-col-50 elementor-top-column elementor-element elementor-element-46f16ee\" data-id=\"46f16ee\" data-element_type=\"column\">\n\t\t\t<div class=\"elementor-widget-wrap elementor-element-populated\">\n\t\t\t\t\t\t<div class=\"elementor-element elementor-element-c00efcf elementor-widget elementor-widget-image\" data-id=\"c00efcf\" data-element_type=\"widget\" data-widget_type=\"image.default\">\n\t\t\t\t<div class=\"elementor-widget-container\">\n\t\t\t\t\t\t\t\t\t\t\t\t\t<img decoding=\"async\" width=\"750\" height=\"750\" src=\"https:\/\/hbcmobility.com.br\/wp-content\/uploads\/2023\/05\/60kW-90kW-120kW-150kW-DC-Fast-EV-1-2.png\" class=\"attachment-full size-full wp-image-4907\" alt=\"\" srcset=\"https:\/\/hbcmobility.com.br\/wp-content\/uploads\/2023\/05\/60kW-90kW-120kW-150kW-DC-Fast-EV-1-2.png 750w, https:\/\/hbcmobility.com.br\/wp-content\/uploads\/2023\/05\/60kW-90kW-120kW-150kW-DC-Fast-EV-1-2-300x300.png 300w, https:\/\/hbcmobility.com.br\/wp-content\/uploads\/2023\/05\/60kW-90kW-120kW-150kW-DC-Fast-EV-1-2-150x150.png 150w, https:\/\/hbcmobility.com.br\/wp-content\/uploads\/2023\/05\/60kW-90kW-120kW-150kW-DC-Fast-EV-1-2-12x12.png 12w, https:\/\/hbcmobility.com.br\/wp-content\/uploads\/2023\/05\/60kW-90kW-120kW-150kW-DC-Fast-EV-1-2-285x285.png 285w, https:\/\/hbcmobility.com.br\/wp-content\/uploads\/2023\/05\/60kW-90kW-120kW-150kW-DC-Fast-EV-1-2-270x270.png 270w, https:\/\/hbcmobility.com.br\/wp-content\/uploads\/2023\/05\/60kW-90kW-120kW-150kW-DC-Fast-EV-1-2-540x540.png 540w, https:\/\/hbcmobility.com.br\/wp-content\/uploads\/2023\/05\/60kW-90kW-120kW-150kW-DC-Fast-EV-1-2-660x660.png 660w\" sizes=\"(max-width: 750px) 100vw, 750px\" \/>\t\t\t\t\t\t\t\t\t\t\t\t\t<\/div>\n\t\t\t\t<\/div>\n\t\t\t\t\t<\/div>\n\t\t<\/div>\n\t\t\t\t\t<\/div>\n\t\t<\/section>\n\t\t\t\t<section class=\"elementor-section elementor-top-section elementor-element elementor-element-f676a35 elementor-section-boxed elementor-section-height-default elementor-section-height-default\" data-id=\"f676a35\" data-element_type=\"section\">\n\t\t\t\t\t\t<div class=\"elementor-container elementor-column-gap-default\">\n\t\t\t\t\t<div class=\"elementor-column elementor-col-50 elementor-top-column elementor-element elementor-element-95c2c8f\" data-id=\"95c2c8f\" data-element_type=\"column\">\n\t\t\t<div class=\"elementor-widget-wrap elementor-element-populated\">\n\t\t\t\t\t\t<div class=\"elementor-element elementor-element-fefd379 elementor-widget elementor-widget-image\" data-id=\"fefd379\" data-element_type=\"widget\" data-widget_type=\"image.default\">\n\t\t\t\t<div class=\"elementor-widget-container\">\n\t\t\t\t\t\t\t\t\t\t\t\t\t<img loading=\"lazy\" decoding=\"async\" width=\"750\" height=\"750\" src=\"https:\/\/hbcmobility.com.br\/wp-content\/uploads\/2023\/05\/DC-Fast-Charger-4-1.png\" class=\"attachment-full size-full wp-image-4908\" alt=\"\" srcset=\"https:\/\/hbcmobility.com.br\/wp-content\/uploads\/2023\/05\/DC-Fast-Charger-4-1.png 750w, https:\/\/hbcmobility.com.br\/wp-content\/uploads\/2023\/05\/DC-Fast-Charger-4-1-300x300.png 300w, https:\/\/hbcmobility.com.br\/wp-content\/uploads\/2023\/05\/DC-Fast-Charger-4-1-150x150.png 150w, https:\/\/hbcmobility.com.br\/wp-content\/uploads\/2023\/05\/DC-Fast-Charger-4-1-12x12.png 12w, https:\/\/hbcmobility.com.br\/wp-content\/uploads\/2023\/05\/DC-Fast-Charger-4-1-285x285.png 285w, https:\/\/hbcmobility.com.br\/wp-content\/uploads\/2023\/05\/DC-Fast-Charger-4-1-270x270.png 270w, https:\/\/hbcmobility.com.br\/wp-content\/uploads\/2023\/05\/DC-Fast-Charger-4-1-540x540.png 540w, https:\/\/hbcmobility.com.br\/wp-content\/uploads\/2023\/05\/DC-Fast-Charger-4-1-660x660.png 660w\" sizes=\"(max-width: 750px) 100vw, 750px\" \/>\t\t\t\t\t\t\t\t\t\t\t\t\t<\/div>\n\t\t\t\t<\/div>\n\t\t\t\t\t<\/div>\n\t\t<\/div>\n\t\t\t\t<div class=\"elementor-column elementor-col-50 elementor-top-column elementor-element elementor-element-7c15c6e\" data-id=\"7c15c6e\" data-element_type=\"column\">\n\t\t\t<div class=\"elementor-widget-wrap elementor-element-populated\">\n\t\t\t\t\t\t<div class=\"elementor-element elementor-element-e722b97 elementor-widget elementor-widget-text-editor\" data-id=\"e722b97\" data-element_type=\"widget\" data-widget_type=\"text-editor.default\">\n\t\t\t\t<div class=\"elementor-widget-container\">\n\t\t\t\t\t\t\t<p><strong>Gerenciamento no carregamento de ve\u00edculos el\u00e9tricos<\/strong><\/p>\n<p>Com a tecnologia avan\u00e7ada de gerenciamento de carga \u00e9 poss\u00edvel distribuir a pot\u00eancia de sa\u00edda de forma inteligente se a energia da esta\u00e7\u00e3o for limitada.<\/p>\t\t\t\t\t\t<\/div>\n\t\t\t\t<\/div>\n\t\t\t\t\t<\/div>\n\t\t<\/div>\n\t\t\t\t\t<\/div>\n\t\t<\/section>\n\t\t\t\t<\/div>","protected":false},"excerpt":{"rendered":"<div class=\"pro_main_text clearfix\">\n<div class=\"pro_main_text clearfix\">\n<div class=\"pro_main_text clearfix\">\n<div class=\"pro_main_text clearfix\">\n<div class=\"pro_main_text clearfix\">\n<div class=\"pro_main_text clearfix\">\n<p>Projetado para atender \u00e0s demandas de recarga r\u00e1pida.<\/p>\n<p class=\"\">Tens\u00e3o de entrada: 400V\u00b115% AC trif\u00e1sico<br \/>\nPot\u00eancia m\u00e1xima de sa\u00edda DC: 60kW\/90kW\/120kW\/150kW\/180kW<br \/>\nFaixa de tens\u00e3o DC de sa\u00edda: 150-1000V DC<br \/>\nTela: 8\" Tela LCD sens\u00edvel ao toque TFT<br \/>\nInterface de rede: Ethernet\/ WiFi\/  4G<br \/>\nOCPP: suporte completo a perfis OCPP 1.6J\/ OCPP 2.0.1<br \/>\nPlug&amp;Charge ISO15118: Atualiz\u00e1vel<br \/>\nGrau de prote\u00e7\u00e3o:  IP55<br \/>\nInterface de carregamento: CCS1, CCS2, CHAdeMO e GB\/T<br \/>\nTipo de montagem: Piso<br \/>\nDimens\u00e3o: 1816\u00d71007\u00d7640mm<\/p>\n<\/div>\n<\/div>\n<\/div>\n<\/div>\n<\/div>\n<\/div>","protected":false},"featured_media":4902,"template":"","meta":[],"product_cat":[56],"product_tag":[81,83,82],"_links":{"self":[{"href":"https:\/\/hbcmobility.com.br\/br\/wp-json\/wp\/v2\/product\/5939"}],"collection":[{"href":"https:\/\/hbcmobility.com.br\/br\/wp-json\/wp\/v2\/product"}],"about":[{"href":"https:\/\/hbcmobility.com.br\/br\/wp-json\/wp\/v2\/types\/product"}],"version-history":[{"count":2,"href":"https:\/\/hbcmobility.com.br\/br\/wp-json\/wp\/v2\/product\/5939\/revisions"}],"predecessor-version":[{"id":5941,"href":"https:\/\/hbcmobility.com.br\/br\/wp-json\/wp\/v2\/product\/5939\/revisions\/5941"}],"wp:featuredmedia":[{"embeddable":true,"href":"https:\/\/hbcmobility.com.br\/br\/wp-json\/wp\/v2\/media\/4902"}],"wp:attachment":[{"href":"https:\/\/hbcmobility.com.br\/br\/wp-json\/wp\/v2\/media?parent=5939"}],"wp:term":[{"taxonomy":"product_cat","embeddable":true,"href":"https:\/\/hbcmobility.com.br\/br\/wp-json\/wp\/v2\/product_cat?post=5939"},{"taxonomy":"product_tag","embeddable":true,"href":"https:\/\/hbcmobility.com.br\/br\/wp-json\/wp\/v2\/product_tag?post=5939"}],"curies":[{"name":"wp","href":"https:\/\/api.w.org\/{rel}","templated":true}]}}