{"id":5422,"date":"2024-02-16T00:19:02","date_gmt":"2024-02-16T03:19:02","guid":{"rendered":"https:\/\/site.hbcmobility.com.br\/?post_type=product&#038;p=5422"},"modified":"2024-02-16T00:30:27","modified_gmt":"2024-02-16T03:30:27","slug":"7kw-home-charger","status":"publish","type":"product","link":"https:\/\/hbcmobility.com.br\/br\/7kw-home-charger\/","title":{"rendered":"Carregador AC Home - 7kW"},"content":{"rendered":"<div data-elementor-type=\"product-post\" data-elementor-id=\"5422\" class=\"elementor elementor-5422\">\n\t\t\t\t\t\t<section class=\"elementor-section elementor-top-section elementor-element elementor-element-6639304 elementor-section-boxed elementor-section-height-default elementor-section-height-default\" data-id=\"6639304\" data-element_type=\"section\">\n\t\t\t\t\t\t<div class=\"elementor-container elementor-column-gap-default\">\n\t\t\t\t\t<div class=\"elementor-column elementor-col-100 elementor-top-column elementor-element elementor-element-5f1f713\" data-id=\"5f1f713\" data-element_type=\"column\">\n\t\t\t<div class=\"elementor-widget-wrap elementor-element-populated\">\n\t\t\t\t\t\t<div class=\"elementor-element elementor-element-a5f342e elementor-widget elementor-widget-text-editor\" data-id=\"a5f342e\" data-element_type=\"widget\" data-widget_type=\"text-editor.default\">\n\t\t\t\t<div class=\"elementor-widget-container\">\n\t\t\t<style>\/*! elementor - v3.19.0 - 29-01-2024 *\/\n.elementor-widget-text-editor.elementor-drop-cap-view-stacked .elementor-drop-cap{background-color:#69727d;color:#fff}.elementor-widget-text-editor.elementor-drop-cap-view-framed .elementor-drop-cap{color:#69727d;border:3px solid;background-color:transparent}.elementor-widget-text-editor:not(.elementor-drop-cap-view-default) .elementor-drop-cap{margin-top:8px}.elementor-widget-text-editor:not(.elementor-drop-cap-view-default) .elementor-drop-cap-letter{width:1em;height:1em}.elementor-widget-text-editor .elementor-drop-cap{float:left;text-align:center;line-height:1;font-size:50px}.elementor-widget-text-editor .elementor-drop-cap-letter{display:inline-block}<\/style>\t\t\t\t<p>A escolha perfeita para carregamento dom\u00e9stico com um design compacto, por\u00e9m potente. V\u00e1rias fun\u00e7\u00f5es est\u00e3o dispon\u00edveis no App para gerenciar programa\u00e7\u00f5es de recarga, balanceamento de carga.<\/p>\t\t\t\t\t\t<\/div>\n\t\t\t\t<\/div>\n\t\t\t\t\t<\/div>\n\t\t<\/div>\n\t\t\t\t\t<\/div>\n\t\t<\/section>\n\t\t\t\t<section class=\"elementor-section elementor-top-section elementor-element elementor-element-b90d0d8 elementor-section-boxed elementor-section-height-default elementor-section-height-default\" data-id=\"b90d0d8\" data-element_type=\"section\">\n\t\t\t\t\t\t<div class=\"elementor-container elementor-column-gap-default\">\n\t\t\t\t\t<div class=\"elementor-column elementor-col-50 elementor-top-column elementor-element elementor-element-6395630\" data-id=\"6395630\" data-element_type=\"column\">\n\t\t\t<div class=\"elementor-widget-wrap elementor-element-populated\">\n\t\t\t\t\t\t<div class=\"elementor-element elementor-element-e1ea75e elementor-widget elementor-widget-text-editor\" data-id=\"e1ea75e\" data-element_type=\"widget\" data-widget_type=\"text-editor.default\">\n\t\t\t\t<div class=\"elementor-widget-container\">\n\t\t\t\t\t\t\t<p><strong>Principais caracter\u00edsticas:<\/strong><\/p><ul><li>Compat\u00edvel com todos os ve\u00edculos el\u00e9tricos e redes de energia<\/li><li>Monof\u00e1sico 32A 7kW e trif\u00e1sico 16A 11kW dispon\u00edveis<\/li><li>Design aerodin\u00e2mico, apar\u00eancia simples e elegante<\/li><li>Conex\u00e3o Ethernet, Wi-Fi, Bluetooth<\/li><li>Configura\u00e7\u00e3o flex\u00edvel de corrente de sa\u00edda\/pot\u00eancia<\/li><li>Luz de respira\u00e7\u00e3o personaliz\u00e1vel de acordo com as prefer\u00eancias<\/li><li>Suporte ao balanceamento de carga din\u00e2mico inteligente<\/li><li>Autentica\u00e7\u00e3o do usu\u00e1rio via aplicativo m\u00f3vel<\/li><li>Portal da Web de comissionamento de carregador multifuncional<\/li><li>Controle e monitoramento remoto<\/li><li>Prote\u00e7\u00e3o contra vazamento de corrente AC 30mA e DC 6mA Certifica\u00e7\u00e3o IEC62955 e IEC61008<\/li><\/ul>\t\t\t\t\t\t<\/div>\n\t\t\t\t<\/div>\n\t\t\t\t\t<\/div>\n\t\t<\/div>\n\t\t\t\t<div class=\"elementor-column elementor-col-50 elementor-top-column elementor-element elementor-element-8c15f61\" data-id=\"8c15f61\" data-element_type=\"column\">\n\t\t\t<div class=\"elementor-widget-wrap elementor-element-populated\">\n\t\t\t\t\t\t<div class=\"elementor-element elementor-element-af799a9 elementor-widget elementor-widget-image\" data-id=\"af799a9\" data-element_type=\"widget\" data-widget_type=\"image.default\">\n\t\t\t\t<div class=\"elementor-widget-container\">\n\t\t\t<style>\/*! elementor - v3.19.0 - 29-01-2024 *\/\n.elementor-widget-image{text-align:center}.elementor-widget-image a{display:inline-block}.elementor-widget-image a img[src$=\".svg\"]{width:48px}.elementor-widget-image img{vertical-align:middle;display:inline-block}<\/style>\t\t\t\t\t\t\t\t\t\t<img fetchpriority=\"high\" decoding=\"async\" width=\"408\" height=\"331\" src=\"https:\/\/hbcmobility.com.br\/wp-content\/uploads\/2018\/08\/1-60-e1708377859870.png\" class=\"attachment-full size-full wp-image-5004\" alt=\"\" srcset=\"https:\/\/hbcmobility.com.br\/wp-content\/uploads\/2018\/08\/1-60-e1708377859870.png 408w, https:\/\/hbcmobility.com.br\/wp-content\/uploads\/2018\/08\/1-60-e1708377859870-300x243.png 300w, https:\/\/hbcmobility.com.br\/wp-content\/uploads\/2018\/08\/1-60-e1708377859870-15x12.png 15w, https:\/\/hbcmobility.com.br\/wp-content\/uploads\/2018\/08\/1-60-e1708377859870-285x231.png 285w, https:\/\/hbcmobility.com.br\/wp-content\/uploads\/2018\/08\/1-60-e1708377859870-150x122.png 150w\" sizes=\"(max-width: 408px) 100vw, 408px\" \/>\t\t\t\t\t\t\t\t\t\t\t\t\t<\/div>\n\t\t\t\t<\/div>\n\t\t\t\t\t<\/div>\n\t\t<\/div>\n\t\t\t\t\t<\/div>\n\t\t<\/section>\n\t\t\t\t<section class=\"elementor-section elementor-top-section elementor-element elementor-element-3974d9d elementor-section-boxed elementor-section-height-default elementor-section-height-default\" data-id=\"3974d9d\" data-element_type=\"section\">\n\t\t\t\t\t\t<div class=\"elementor-container elementor-column-gap-default\">\n\t\t\t\t\t<div class=\"elementor-column elementor-col-50 elementor-top-column elementor-element elementor-element-5a154eb\" data-id=\"5a154eb\" data-element_type=\"column\">\n\t\t\t<div class=\"elementor-widget-wrap elementor-element-populated\">\n\t\t\t\t\t\t<div class=\"elementor-element elementor-element-16fa3ae elementor-widget elementor-widget-image\" data-id=\"16fa3ae\" data-element_type=\"widget\" data-widget_type=\"image.default\">\n\t\t\t\t<div class=\"elementor-widget-container\">\n\t\t\t\t\t\t\t\t\t\t\t\t\t<img decoding=\"async\" width=\"3139\" height=\"1345\" src=\"https:\/\/hbcmobility.com.br\/wp-content\/uploads\/2018\/08\/1-10.png\" class=\"attachment-full size-full wp-image-5005\" alt=\"\" srcset=\"https:\/\/hbcmobility.com.br\/wp-content\/uploads\/2018\/08\/1-10.png 3139w, https:\/\/hbcmobility.com.br\/wp-content\/uploads\/2018\/08\/1-10-300x129.png 300w, https:\/\/hbcmobility.com.br\/wp-content\/uploads\/2018\/08\/1-10-1024x439.png 1024w, https:\/\/hbcmobility.com.br\/wp-content\/uploads\/2018\/08\/1-10-768x329.png 768w, https:\/\/hbcmobility.com.br\/wp-content\/uploads\/2018\/08\/1-10-1536x658.png 1536w, https:\/\/hbcmobility.com.br\/wp-content\/uploads\/2018\/08\/1-10-2048x878.png 2048w, https:\/\/hbcmobility.com.br\/wp-content\/uploads\/2018\/08\/1-10-18x8.png 18w, https:\/\/hbcmobility.com.br\/wp-content\/uploads\/2018\/08\/1-10-285x122.png 285w, https:\/\/hbcmobility.com.br\/wp-content\/uploads\/2018\/08\/1-10-1600x686.png 1600w, https:\/\/hbcmobility.com.br\/wp-content\/uploads\/2018\/08\/1-10-660x283.png 660w, https:\/\/hbcmobility.com.br\/wp-content\/uploads\/2018\/08\/1-10-150x64.png 150w\" sizes=\"(max-width: 3139px) 100vw, 3139px\" \/>\t\t\t\t\t\t\t\t\t\t\t\t\t<\/div>\n\t\t\t\t<\/div>\n\t\t\t\t\t<\/div>\n\t\t<\/div>\n\t\t\t\t<div class=\"elementor-column elementor-col-50 elementor-top-column elementor-element elementor-element-00be5ed\" data-id=\"00be5ed\" data-element_type=\"column\">\n\t\t\t<div class=\"elementor-widget-wrap elementor-element-populated\">\n\t\t\t\t\t\t<div class=\"elementor-element elementor-element-d48f8be elementor-widget elementor-widget-text-editor\" data-id=\"d48f8be\" data-element_type=\"widget\" data-widget_type=\"text-editor.default\">\n\t\t\t\t<div class=\"elementor-widget-container\">\n\t\t\t\t\t\t\t<p><strong>Tecnologia Bluetooth<\/strong><\/p><p>Integrado \u00e0 tecnologia Bluetooth para maximizar a experi\u00eancia do usu\u00e1rio em ambientes desafiadores, como estacionamentos subterr\u00e2neos, garagem de apartamentos e escrit\u00f3rios. O aplicativo m\u00f3vel pode funcionar com ou sem conex\u00e3o de rede.<\/p><p>Os usu\u00e1rios podem iniciar, parar e gerenciar o carregador por meio de uma conex\u00e3o de Internet\/Bluetooth e os dados ser\u00e3o sincronizados entre o telefone e o back-end assim que o telefone tiver conex\u00e3o<\/p>\t\t\t\t\t\t<\/div>\n\t\t\t\t<\/div>\n\t\t\t\t\t<\/div>\n\t\t<\/div>\n\t\t\t\t\t<\/div>\n\t\t<\/section>\n\t\t\t\t<section class=\"elementor-section elementor-top-section elementor-element elementor-element-4a301d0 elementor-section-boxed elementor-section-height-default elementor-section-height-default\" data-id=\"4a301d0\" data-element_type=\"section\">\n\t\t\t\t\t\t<div class=\"elementor-container elementor-column-gap-default\">\n\t\t\t\t\t<div class=\"elementor-column elementor-col-50 elementor-top-column elementor-element elementor-element-3fcd2ad\" data-id=\"3fcd2ad\" data-element_type=\"column\">\n\t\t\t<div class=\"elementor-widget-wrap elementor-element-populated\">\n\t\t\t\t\t\t<div class=\"elementor-element elementor-element-006d184 elementor-widget elementor-widget-text-editor\" data-id=\"006d184\" data-element_type=\"widget\" data-widget_type=\"text-editor.default\">\n\t\t\t\t<div class=\"elementor-widget-container\">\n\t\t\t\t\t\t\t<p><strong>Balanceamento de carga din\u00e2mico<\/strong><\/p><p>A corrente \u00e9 ajustada automaticamente de acordo com os valores de corrente em tempo real atr\u00e1ves de sensor instalado diretamente no  carregador. Podendo evitar a sobrecarga na casa com a instala\u00e7\u00e3o de um  ou v\u00e1rios carregadores, on-line ou off-line.<\/p>\t\t\t\t\t\t<\/div>\n\t\t\t\t<\/div>\n\t\t\t\t\t<\/div>\n\t\t<\/div>\n\t\t\t\t<div class=\"elementor-column elementor-col-50 elementor-top-column elementor-element elementor-element-2fdcde3\" data-id=\"2fdcde3\" data-element_type=\"column\">\n\t\t\t<div class=\"elementor-widget-wrap elementor-element-populated\">\n\t\t\t\t\t\t<div class=\"elementor-element elementor-element-c0adc7c elementor-widget elementor-widget-image\" data-id=\"c0adc7c\" data-element_type=\"widget\" data-widget_type=\"image.default\">\n\t\t\t\t<div class=\"elementor-widget-container\">\n\t\t\t\t\t\t\t\t\t\t\t\t\t<img decoding=\"async\" width=\"750\" height=\"750\" src=\"https:\/\/hbcmobility.com.br\/wp-content\/uploads\/2018\/08\/16.png\" class=\"attachment-full size-full wp-image-5006\" alt=\"\" srcset=\"https:\/\/hbcmobility.com.br\/wp-content\/uploads\/2018\/08\/16.png 750w, https:\/\/hbcmobility.com.br\/wp-content\/uploads\/2018\/08\/16-300x300.png 300w, https:\/\/hbcmobility.com.br\/wp-content\/uploads\/2018\/08\/16-150x150.png 150w, https:\/\/hbcmobility.com.br\/wp-content\/uploads\/2018\/08\/16-12x12.png 12w, https:\/\/hbcmobility.com.br\/wp-content\/uploads\/2018\/08\/16-285x285.png 285w, https:\/\/hbcmobility.com.br\/wp-content\/uploads\/2018\/08\/16-270x270.png 270w, https:\/\/hbcmobility.com.br\/wp-content\/uploads\/2018\/08\/16-540x540.png 540w, https:\/\/hbcmobility.com.br\/wp-content\/uploads\/2018\/08\/16-660x660.png 660w\" sizes=\"(max-width: 750px) 100vw, 750px\" \/>\t\t\t\t\t\t\t\t\t\t\t\t\t<\/div>\n\t\t\t\t<\/div>\n\t\t\t\t\t<\/div>\n\t\t<\/div>\n\t\t\t\t\t<\/div>\n\t\t<\/section>\n\t\t\t\t<section class=\"elementor-section elementor-top-section elementor-element elementor-element-9e0cb8f elementor-section-boxed elementor-section-height-default elementor-section-height-default\" data-id=\"9e0cb8f\" data-element_type=\"section\">\n\t\t\t\t\t\t<div class=\"elementor-container elementor-column-gap-default\">\n\t\t\t\t\t<div class=\"elementor-column elementor-col-50 elementor-top-column elementor-element elementor-element-14b1d93\" data-id=\"14b1d93\" data-element_type=\"column\">\n\t\t\t<div class=\"elementor-widget-wrap elementor-element-populated\">\n\t\t\t\t\t\t<div class=\"elementor-element elementor-element-4a582a7 elementor-widget elementor-widget-image\" data-id=\"4a582a7\" data-element_type=\"widget\" data-widget_type=\"image.default\">\n\t\t\t\t<div class=\"elementor-widget-container\">\n\t\t\t\t\t\t\t\t\t\t\t\t\t<img loading=\"lazy\" decoding=\"async\" width=\"750\" height=\"750\" src=\"https:\/\/hbcmobility.com.br\/wp-content\/uploads\/2018\/08\/Bluetooth-Mini-Smart-EV-Charger.png\" class=\"attachment-full size-full wp-image-5007\" alt=\"\" srcset=\"https:\/\/hbcmobility.com.br\/wp-content\/uploads\/2018\/08\/Bluetooth-Mini-Smart-EV-Charger.png 750w, https:\/\/hbcmobility.com.br\/wp-content\/uploads\/2018\/08\/Bluetooth-Mini-Smart-EV-Charger-300x300.png 300w, https:\/\/hbcmobility.com.br\/wp-content\/uploads\/2018\/08\/Bluetooth-Mini-Smart-EV-Charger-150x150.png 150w, https:\/\/hbcmobility.com.br\/wp-content\/uploads\/2018\/08\/Bluetooth-Mini-Smart-EV-Charger-12x12.png 12w, https:\/\/hbcmobility.com.br\/wp-content\/uploads\/2018\/08\/Bluetooth-Mini-Smart-EV-Charger-285x285.png 285w, https:\/\/hbcmobility.com.br\/wp-content\/uploads\/2018\/08\/Bluetooth-Mini-Smart-EV-Charger-270x270.png 270w, https:\/\/hbcmobility.com.br\/wp-content\/uploads\/2018\/08\/Bluetooth-Mini-Smart-EV-Charger-540x540.png 540w, https:\/\/hbcmobility.com.br\/wp-content\/uploads\/2018\/08\/Bluetooth-Mini-Smart-EV-Charger-660x660.png 660w\" sizes=\"(max-width: 750px) 100vw, 750px\" \/>\t\t\t\t\t\t\t\t\t\t\t\t\t<\/div>\n\t\t\t\t<\/div>\n\t\t\t\t\t<\/div>\n\t\t<\/div>\n\t\t\t\t<div class=\"elementor-column elementor-col-50 elementor-top-column elementor-element elementor-element-4b81cef\" data-id=\"4b81cef\" data-element_type=\"column\">\n\t\t\t<div class=\"elementor-widget-wrap elementor-element-populated\">\n\t\t\t\t\t\t<div class=\"elementor-element elementor-element-1aa520f elementor-widget elementor-widget-text-editor\" data-id=\"1aa520f\" data-element_type=\"widget\" data-widget_type=\"text-editor.default\">\n\t\t\t\t<div class=\"elementor-widget-container\">\n\t\t\t\t\t\t\t<p><strong>Protocolo OCPP<\/strong><\/p><p>Os carregadores de ve\u00edculos el\u00e9tricos s\u00e3o sempre integrados com a tecnologia OCPP.<\/p>\t\t\t\t\t\t<\/div>\n\t\t\t\t<\/div>\n\t\t\t\t\t<\/div>\n\t\t<\/div>\n\t\t\t\t\t<\/div>\n\t\t<\/section>\n\t\t\t\t<section class=\"elementor-section elementor-top-section elementor-element elementor-element-e33e461 elementor-section-boxed elementor-section-height-default elementor-section-height-default\" data-id=\"e33e461\" data-element_type=\"section\">\n\t\t\t\t\t\t<div class=\"elementor-container elementor-column-gap-default\">\n\t\t\t\t\t<div class=\"elementor-column elementor-col-50 elementor-top-column elementor-element elementor-element-848c462\" data-id=\"848c462\" data-element_type=\"column\">\n\t\t\t<div class=\"elementor-widget-wrap elementor-element-populated\">\n\t\t\t\t\t\t<div class=\"elementor-element elementor-element-1c74ada elementor-widget elementor-widget-text-editor\" data-id=\"1c74ada\" data-element_type=\"widget\" data-widget_type=\"text-editor.default\">\n\t\t\t\t<div class=\"elementor-widget-container\">\n\t\t\t\t\t\t\t<p><strong>Otimizar o uso de energia<\/strong><\/p>\n<p>Totalmente compat\u00edvel com instala\u00e7\u00e3o solar e sistema de armazenamento de bateria.<\/p>\t\t\t\t\t\t<\/div>\n\t\t\t\t<\/div>\n\t\t\t\t\t<\/div>\n\t\t<\/div>\n\t\t\t\t<div class=\"elementor-column elementor-col-50 elementor-top-column elementor-element elementor-element-ab193bc\" data-id=\"ab193bc\" data-element_type=\"column\">\n\t\t\t<div class=\"elementor-widget-wrap elementor-element-populated\">\n\t\t\t\t\t\t<div class=\"elementor-element elementor-element-d294799 elementor-widget elementor-widget-image\" data-id=\"d294799\" data-element_type=\"widget\" data-widget_type=\"image.default\">\n\t\t\t\t<div class=\"elementor-widget-container\">\n\t\t\t\t\t\t\t\t\t\t\t\t\t<img loading=\"lazy\" decoding=\"async\" width=\"750\" height=\"750\" src=\"https:\/\/hbcmobility.com.br\/wp-content\/uploads\/2018\/08\/Bluetooth-Mini-Smart-EV-Charger-1-2.png\" class=\"attachment-full size-full wp-image-5008\" alt=\"\" srcset=\"https:\/\/hbcmobility.com.br\/wp-content\/uploads\/2018\/08\/Bluetooth-Mini-Smart-EV-Charger-1-2.png 750w, https:\/\/hbcmobility.com.br\/wp-content\/uploads\/2018\/08\/Bluetooth-Mini-Smart-EV-Charger-1-2-300x300.png 300w, https:\/\/hbcmobility.com.br\/wp-content\/uploads\/2018\/08\/Bluetooth-Mini-Smart-EV-Charger-1-2-150x150.png 150w, https:\/\/hbcmobility.com.br\/wp-content\/uploads\/2018\/08\/Bluetooth-Mini-Smart-EV-Charger-1-2-12x12.png 12w, https:\/\/hbcmobility.com.br\/wp-content\/uploads\/2018\/08\/Bluetooth-Mini-Smart-EV-Charger-1-2-285x285.png 285w, https:\/\/hbcmobility.com.br\/wp-content\/uploads\/2018\/08\/Bluetooth-Mini-Smart-EV-Charger-1-2-270x270.png 270w, https:\/\/hbcmobility.com.br\/wp-content\/uploads\/2018\/08\/Bluetooth-Mini-Smart-EV-Charger-1-2-540x540.png 540w, https:\/\/hbcmobility.com.br\/wp-content\/uploads\/2018\/08\/Bluetooth-Mini-Smart-EV-Charger-1-2-660x660.png 660w\" sizes=\"(max-width: 750px) 100vw, 750px\" \/>\t\t\t\t\t\t\t\t\t\t\t\t\t<\/div>\n\t\t\t\t<\/div>\n\t\t\t\t\t<\/div>\n\t\t<\/div>\n\t\t\t\t\t<\/div>\n\t\t<\/section>\n\t\t\t\t<\/div>","protected":false},"excerpt":{"rendered":"<p>O menor e mais elegante carregador de ve\u00edculos el\u00e9tricos para recarga, distribui\u00e7\u00e3o din\u00e2mica de energia<\/p>\n<ul class=\"clearfix\">\n<li>Tens\u00e3o de entrada: 1 fase 230V\u00b120%; 3 fases 400V\u00b120%<\/li>\n<li>Tens\u00e3o de sa\u00edda: 1 fase 7kW 32A; 3 fases 11kW 16A<\/li>\n<li>RCD interno: CA 30mA e CC 6mA Certifica\u00e7\u00e3o IEC62955 e IEC61008<\/li>\n<li>Interface de rede: Conex\u00e3o Ethernet\/ WiFi\/ Bluetooth<\/li>\n<li>OCPP: suporte completo ao OCPP 1.6J\/ OCPP 2.0.1<\/li>\n<li>Plug&amp;Charge ISO15118: Atualiz\u00e1vel<\/li>\n<li>Grau de prote\u00e7\u00e3o:  IP55<\/li>\n<li>Dimens\u00f5es da embalagem : 398 x 285 x 176 mm; 398 x 285 x 226 mm<\/li>\n<li>Interface de carregamento: SAE J1772 e cabo tipo 2\/soquete tipo 2<\/li>\n<li>Tipo de montagem: Parede ou piso (pedestal fornecido separadamente)<\/li>\n<\/ul>","protected":false},"featured_media":4999,"template":"","meta":[],"product_cat":[54],"product_tag":[61,60,59],"_links":{"self":[{"href":"https:\/\/hbcmobility.com.br\/br\/wp-json\/wp\/v2\/product\/5422"}],"collection":[{"href":"https:\/\/hbcmobility.com.br\/br\/wp-json\/wp\/v2\/product"}],"about":[{"href":"https:\/\/hbcmobility.com.br\/br\/wp-json\/wp\/v2\/types\/product"}],"version-history":[{"count":4,"href":"https:\/\/hbcmobility.com.br\/br\/wp-json\/wp\/v2\/product\/5422\/revisions"}],"predecessor-version":[{"id":5442,"href":"https:\/\/hbcmobility.com.br\/br\/wp-json\/wp\/v2\/product\/5422\/revisions\/5442"}],"wp:featuredmedia":[{"embeddable":true,"href":"https:\/\/hbcmobility.com.br\/br\/wp-json\/wp\/v2\/media\/4999"}],"wp:attachment":[{"href":"https:\/\/hbcmobility.com.br\/br\/wp-json\/wp\/v2\/media?parent=5422"}],"wp:term":[{"taxonomy":"product_cat","embeddable":true,"href":"https:\/\/hbcmobility.com.br\/br\/wp-json\/wp\/v2\/product_cat?post=5422"},{"taxonomy":"product_tag","embeddable":true,"href":"https:\/\/hbcmobility.com.br\/br\/wp-json\/wp\/v2\/product_tag?post=5422"}],"curies":[{"name":"wp","href":"https:\/\/api.w.org\/{rel}","templated":true}]}}