{"id":5420,"date":"2024-02-16T00:14:04","date_gmt":"2024-02-16T03:14:04","guid":{"rendered":"https:\/\/site.hbcmobility.com.br\/?post_type=product&#038;p=5420"},"modified":"2024-02-19T18:53:55","modified_gmt":"2024-02-19T21:53:55","slug":"smart-fast-home-ev-charger","status":"publish","type":"product","link":"https:\/\/hbcmobility.com.br\/br\/smart-fast-home-ev-charger\/","title":{"rendered":"Carregador AC Home R\u00e1pido - 22kW"},"content":{"rendered":"<div data-elementor-type=\"product-post\" data-elementor-id=\"5420\" class=\"elementor elementor-5420\">\n\t\t\t\t\t\t<section class=\"elementor-section elementor-top-section elementor-element elementor-element-b7ea74d elementor-section-boxed elementor-section-height-default elementor-section-height-default\" data-id=\"b7ea74d\" data-element_type=\"section\">\n\t\t\t\t\t\t<div class=\"elementor-container elementor-column-gap-default\">\n\t\t\t\t\t<div class=\"elementor-column elementor-col-100 elementor-top-column elementor-element elementor-element-7907652\" data-id=\"7907652\" data-element_type=\"column\">\n\t\t\t<div class=\"elementor-widget-wrap elementor-element-populated\">\n\t\t\t\t\t\t<div class=\"elementor-element elementor-element-a224ce1 elementor-widget elementor-widget-text-editor\" data-id=\"a224ce1\" data-element_type=\"widget\" data-widget_type=\"text-editor.default\">\n\t\t\t\t<div class=\"elementor-widget-container\">\n\t\t\t<style>\/*! elementor - v3.19.0 - 29-01-2024 *\/\n.elementor-widget-text-editor.elementor-drop-cap-view-stacked .elementor-drop-cap{background-color:#69727d;color:#fff}.elementor-widget-text-editor.elementor-drop-cap-view-framed .elementor-drop-cap{color:#69727d;border:3px solid;background-color:transparent}.elementor-widget-text-editor:not(.elementor-drop-cap-view-default) .elementor-drop-cap{margin-top:8px}.elementor-widget-text-editor:not(.elementor-drop-cap-view-default) .elementor-drop-cap-letter{width:1em;height:1em}.elementor-widget-text-editor .elementor-drop-cap{float:left;text-align:center;line-height:1;font-size:50px}.elementor-widget-text-editor .elementor-drop-cap-letter{display:inline-block}<\/style>\t\t\t\t<p><strong>Carregador de v\u00e9iculos el\u00e9tricos inteligente para uso dom\u00e9stico<\/strong><\/p><p class=\"\">Carregador de f\u00e1cil de instala\u00e7\u00e3o que permite adicionar servi\u00e7os e gerenciar o carregador remotamente. Combinado com o aplicativo m\u00f3vel, oferece uma gama completa de fun\u00e7\u00f5es para controlar o status do carregador,  as programa\u00e7\u00f5es de recarga, o consumo de energia e muito mais.<\/p>\t\t\t\t\t\t<\/div>\n\t\t\t\t<\/div>\n\t\t\t\t\t<\/div>\n\t\t<\/div>\n\t\t\t\t\t<\/div>\n\t\t<\/section>\n\t\t\t\t<section class=\"elementor-section elementor-top-section elementor-element elementor-element-2598f9d elementor-section-boxed elementor-section-height-default elementor-section-height-default\" data-id=\"2598f9d\" data-element_type=\"section\">\n\t\t\t\t\t\t<div class=\"elementor-container elementor-column-gap-default\">\n\t\t\t\t\t<div class=\"elementor-column elementor-col-50 elementor-top-column elementor-element elementor-element-1f2018a\" data-id=\"1f2018a\" data-element_type=\"column\">\n\t\t\t<div class=\"elementor-widget-wrap elementor-element-populated\">\n\t\t\t\t\t\t<div class=\"elementor-element elementor-element-4e0f1e8 elementor-widget elementor-widget-text-editor\" data-id=\"4e0f1e8\" data-element_type=\"widget\" data-widget_type=\"text-editor.default\">\n\t\t\t\t<div class=\"elementor-widget-container\">\n\t\t\t\t\t\t\t<p><strong>Principais caracter\u00edsticas:<\/strong><\/p>\n<ul>\n<li>Compat\u00edvel com todos os ve\u00edculos el\u00e9tricos e redes de energia<\/li>\n<li>Dispon\u00edvel nas vers\u00f5es com soquete e com fio<\/li>\n<li>Tela LCD de 2,8\u2032 para opera\u00e7\u00e3o f\u00e1cil e amig\u00e1vel<\/li>\n<li>Design de instala\u00e7\u00e3o exclusivo com placa traseira independente<\/li>\n<li>Configura\u00e7\u00e3o flex\u00edvel de corrente de sa\u00edda\/pot\u00eancia<\/li>\n<li>Luz de respira\u00e7\u00e3o personaliz\u00e1vel de acordo com as prefer\u00eancias<\/li>\n<li>Suporte ao balanceamento de carga din\u00e2mico inteligente<\/li>\n<li>Autentica\u00e7\u00e3o do usu\u00e1rio via RFID ou aplicativo m\u00f3vel<\/li>\n<li>Portal da Web f\u00e1cil de usar para configura\u00e7\u00e3o do carregador<\/li>\n<li>Controle e monitoramento remoto<\/li>\n<li>Design aerodin\u00e2mico, apar\u00eancia simples e elegante<\/li>\n<li>Prote\u00e7\u00e3o contra vazamento de corrente AC 30mA e DC 6mA<\/li>\n<\/ul>\t\t\t\t\t\t<\/div>\n\t\t\t\t<\/div>\n\t\t\t\t\t<\/div>\n\t\t<\/div>\n\t\t\t\t<div class=\"elementor-column elementor-col-50 elementor-top-column elementor-element elementor-element-5022d89\" data-id=\"5022d89\" data-element_type=\"column\">\n\t\t\t<div class=\"elementor-widget-wrap elementor-element-populated\">\n\t\t\t\t\t\t<div class=\"elementor-element elementor-element-9092be4 elementor-widget elementor-widget-image\" data-id=\"9092be4\" data-element_type=\"widget\" data-widget_type=\"image.default\">\n\t\t\t\t<div class=\"elementor-widget-container\">\n\t\t\t<style>\/*! elementor - v3.19.0 - 29-01-2024 *\/\n.elementor-widget-image{text-align:center}.elementor-widget-image a{display:inline-block}.elementor-widget-image a img[src$=\".svg\"]{width:48px}.elementor-widget-image img{vertical-align:middle;display:inline-block}<\/style>\t\t\t\t\t\t\t\t\t\t<img fetchpriority=\"high\" decoding=\"async\" width=\"750\" height=\"750\" src=\"https:\/\/hbcmobility.com.br\/wp-content\/uploads\/2023\/05\/ev-charger-2.png\" class=\"attachment-full size-full wp-image-4992\" alt=\"\" srcset=\"https:\/\/hbcmobility.com.br\/wp-content\/uploads\/2023\/05\/ev-charger-2.png 750w, https:\/\/hbcmobility.com.br\/wp-content\/uploads\/2023\/05\/ev-charger-2-300x300.png 300w, https:\/\/hbcmobility.com.br\/wp-content\/uploads\/2023\/05\/ev-charger-2-150x150.png 150w, https:\/\/hbcmobility.com.br\/wp-content\/uploads\/2023\/05\/ev-charger-2-12x12.png 12w, https:\/\/hbcmobility.com.br\/wp-content\/uploads\/2023\/05\/ev-charger-2-285x285.png 285w, https:\/\/hbcmobility.com.br\/wp-content\/uploads\/2023\/05\/ev-charger-2-270x270.png 270w, https:\/\/hbcmobility.com.br\/wp-content\/uploads\/2023\/05\/ev-charger-2-540x540.png 540w, https:\/\/hbcmobility.com.br\/wp-content\/uploads\/2023\/05\/ev-charger-2-660x660.png 660w\" sizes=\"(max-width: 750px) 100vw, 750px\" \/>\t\t\t\t\t\t\t\t\t\t\t\t\t<\/div>\n\t\t\t\t<\/div>\n\t\t\t\t\t<\/div>\n\t\t<\/div>\n\t\t\t\t\t<\/div>\n\t\t<\/section>\n\t\t\t\t<section class=\"elementor-section elementor-top-section elementor-element elementor-element-b694dda elementor-section-boxed elementor-section-height-default elementor-section-height-default\" data-id=\"b694dda\" data-element_type=\"section\">\n\t\t\t\t\t\t<div class=\"elementor-container elementor-column-gap-default\">\n\t\t\t\t\t<div class=\"elementor-column elementor-col-50 elementor-top-column elementor-element elementor-element-0ecd82e\" data-id=\"0ecd82e\" data-element_type=\"column\">\n\t\t\t<div class=\"elementor-widget-wrap elementor-element-populated\">\n\t\t\t\t\t\t<div class=\"elementor-element elementor-element-dd38482 elementor-widget elementor-widget-image\" data-id=\"dd38482\" data-element_type=\"widget\" data-widget_type=\"image.default\">\n\t\t\t\t<div class=\"elementor-widget-container\">\n\t\t\t\t\t\t\t\t\t\t\t\t\t<img decoding=\"async\" width=\"750\" height=\"750\" src=\"https:\/\/hbcmobility.com.br\/wp-content\/uploads\/2023\/05\/Home-EV-Charger-2-2.png\" class=\"attachment-full size-full wp-image-4993\" alt=\"\" srcset=\"https:\/\/hbcmobility.com.br\/wp-content\/uploads\/2023\/05\/Home-EV-Charger-2-2.png 750w, https:\/\/hbcmobility.com.br\/wp-content\/uploads\/2023\/05\/Home-EV-Charger-2-2-300x300.png 300w, https:\/\/hbcmobility.com.br\/wp-content\/uploads\/2023\/05\/Home-EV-Charger-2-2-150x150.png 150w, https:\/\/hbcmobility.com.br\/wp-content\/uploads\/2023\/05\/Home-EV-Charger-2-2-12x12.png 12w, https:\/\/hbcmobility.com.br\/wp-content\/uploads\/2023\/05\/Home-EV-Charger-2-2-285x285.png 285w, https:\/\/hbcmobility.com.br\/wp-content\/uploads\/2023\/05\/Home-EV-Charger-2-2-270x270.png 270w, https:\/\/hbcmobility.com.br\/wp-content\/uploads\/2023\/05\/Home-EV-Charger-2-2-540x540.png 540w, https:\/\/hbcmobility.com.br\/wp-content\/uploads\/2023\/05\/Home-EV-Charger-2-2-660x660.png 660w\" sizes=\"(max-width: 750px) 100vw, 750px\" \/>\t\t\t\t\t\t\t\t\t\t\t\t\t<\/div>\n\t\t\t\t<\/div>\n\t\t\t\t\t<\/div>\n\t\t<\/div>\n\t\t\t\t<div class=\"elementor-column elementor-col-50 elementor-top-column elementor-element elementor-element-5b52f7e\" data-id=\"5b52f7e\" data-element_type=\"column\">\n\t\t\t<div class=\"elementor-widget-wrap elementor-element-populated\">\n\t\t\t\t\t\t<div class=\"elementor-element elementor-element-4834d3a elementor-widget elementor-widget-text-editor\" data-id=\"4834d3a\" data-element_type=\"widget\" data-widget_type=\"text-editor.default\">\n\t\t\t\t<div class=\"elementor-widget-container\">\n\t\t\t\t\t\t\t<p><strong>Visor gr\u00e1fico e luz indicadora personaliz\u00e1vel<\/strong><\/p><p>Equipado com um visor LCD de 2,8', o usu\u00e1rio pode verificar facilmente o status do carregador e os dados da recarga em tempo real.<\/p><p>Design funcional e elegante, proporcionando aos usu\u00e1rios a melhor experi\u00eancia poss\u00edvel.<\/p>\t\t\t\t\t\t<\/div>\n\t\t\t\t<\/div>\n\t\t\t\t\t<\/div>\n\t\t<\/div>\n\t\t\t\t\t<\/div>\n\t\t<\/section>\n\t\t\t\t<section class=\"elementor-section elementor-top-section elementor-element elementor-element-44ae0ae elementor-section-boxed elementor-section-height-default elementor-section-height-default\" data-id=\"44ae0ae\" data-element_type=\"section\">\n\t\t\t\t\t\t<div class=\"elementor-container elementor-column-gap-default\">\n\t\t\t\t\t<div class=\"elementor-column elementor-col-50 elementor-top-column elementor-element elementor-element-9217973\" data-id=\"9217973\" data-element_type=\"column\">\n\t\t\t<div class=\"elementor-widget-wrap elementor-element-populated\">\n\t\t\t\t\t\t<div class=\"elementor-element elementor-element-65ef5ff elementor-widget elementor-widget-text-editor\" data-id=\"65ef5ff\" data-element_type=\"widget\" data-widget_type=\"text-editor.default\">\n\t\t\t\t<div class=\"elementor-widget-container\">\n\t\t\t\t\t\t\t<p><strong>Compat\u00edvel com OCPP<\/strong><br \/>Totalmente compat\u00edvel com o protocolo OCPP.<\/p><p><strong>Suporte ao balanceamento din\u00e2mico de carga<\/strong><br \/>Garante que o usu\u00e1rio possa equilibrar dinamicamente toda a eletricidade .<\/p>\t\t\t\t\t\t<\/div>\n\t\t\t\t<\/div>\n\t\t\t\t\t<\/div>\n\t\t<\/div>\n\t\t\t\t<div class=\"elementor-column elementor-col-50 elementor-top-column elementor-element elementor-element-31e42a2\" data-id=\"31e42a2\" data-element_type=\"column\">\n\t\t\t<div class=\"elementor-widget-wrap elementor-element-populated\">\n\t\t\t\t\t\t<div class=\"elementor-element elementor-element-e9d38df elementor-widget elementor-widget-image\" data-id=\"e9d38df\" data-element_type=\"widget\" data-widget_type=\"image.default\">\n\t\t\t\t<div class=\"elementor-widget-container\">\n\t\t\t\t\t\t\t\t\t\t\t\t\t<img decoding=\"async\" width=\"750\" height=\"750\" src=\"https:\/\/hbcmobility.com.br\/wp-content\/uploads\/2023\/05\/Dynamic-Load-Balancing-1.png\" class=\"attachment-full size-full wp-image-4994\" alt=\"\" srcset=\"https:\/\/hbcmobility.com.br\/wp-content\/uploads\/2023\/05\/Dynamic-Load-Balancing-1.png 750w, https:\/\/hbcmobility.com.br\/wp-content\/uploads\/2023\/05\/Dynamic-Load-Balancing-1-300x300.png 300w, https:\/\/hbcmobility.com.br\/wp-content\/uploads\/2023\/05\/Dynamic-Load-Balancing-1-150x150.png 150w, https:\/\/hbcmobility.com.br\/wp-content\/uploads\/2023\/05\/Dynamic-Load-Balancing-1-12x12.png 12w, https:\/\/hbcmobility.com.br\/wp-content\/uploads\/2023\/05\/Dynamic-Load-Balancing-1-285x285.png 285w, https:\/\/hbcmobility.com.br\/wp-content\/uploads\/2023\/05\/Dynamic-Load-Balancing-1-270x270.png 270w, https:\/\/hbcmobility.com.br\/wp-content\/uploads\/2023\/05\/Dynamic-Load-Balancing-1-540x540.png 540w, https:\/\/hbcmobility.com.br\/wp-content\/uploads\/2023\/05\/Dynamic-Load-Balancing-1-660x660.png 660w\" sizes=\"(max-width: 750px) 100vw, 750px\" \/>\t\t\t\t\t\t\t\t\t\t\t\t\t<\/div>\n\t\t\t\t<\/div>\n\t\t\t\t\t<\/div>\n\t\t<\/div>\n\t\t\t\t\t<\/div>\n\t\t<\/section>\n\t\t\t\t<section class=\"elementor-section elementor-top-section elementor-element elementor-element-fd82118 elementor-section-boxed elementor-section-height-default elementor-section-height-default\" data-id=\"fd82118\" data-element_type=\"section\">\n\t\t\t\t\t\t<div class=\"elementor-container elementor-column-gap-default\">\n\t\t\t\t\t<div class=\"elementor-column elementor-col-50 elementor-top-column elementor-element elementor-element-816c203\" data-id=\"816c203\" data-element_type=\"column\">\n\t\t\t<div class=\"elementor-widget-wrap elementor-element-populated\">\n\t\t\t\t\t\t<div class=\"elementor-element elementor-element-5179c5e elementor-widget elementor-widget-image\" data-id=\"5179c5e\" data-element_type=\"widget\" data-widget_type=\"image.default\">\n\t\t\t\t<div class=\"elementor-widget-container\">\n\t\t\t\t\t\t\t\t\t\t\t\t\t<img loading=\"lazy\" decoding=\"async\" width=\"750\" height=\"750\" src=\"https:\/\/hbcmobility.com.br\/wp-content\/uploads\/2023\/05\/smart-app-control-ev-charging-1.png\" class=\"attachment-full size-full wp-image-4995\" alt=\"\" srcset=\"https:\/\/hbcmobility.com.br\/wp-content\/uploads\/2023\/05\/smart-app-control-ev-charging-1.png 750w, https:\/\/hbcmobility.com.br\/wp-content\/uploads\/2023\/05\/smart-app-control-ev-charging-1-300x300.png 300w, https:\/\/hbcmobility.com.br\/wp-content\/uploads\/2023\/05\/smart-app-control-ev-charging-1-150x150.png 150w, https:\/\/hbcmobility.com.br\/wp-content\/uploads\/2023\/05\/smart-app-control-ev-charging-1-12x12.png 12w, https:\/\/hbcmobility.com.br\/wp-content\/uploads\/2023\/05\/smart-app-control-ev-charging-1-285x285.png 285w, https:\/\/hbcmobility.com.br\/wp-content\/uploads\/2023\/05\/smart-app-control-ev-charging-1-270x270.png 270w, https:\/\/hbcmobility.com.br\/wp-content\/uploads\/2023\/05\/smart-app-control-ev-charging-1-540x540.png 540w, https:\/\/hbcmobility.com.br\/wp-content\/uploads\/2023\/05\/smart-app-control-ev-charging-1-660x660.png 660w\" sizes=\"(max-width: 750px) 100vw, 750px\" \/>\t\t\t\t\t\t\t\t\t\t\t\t\t<\/div>\n\t\t\t\t<\/div>\n\t\t\t\t\t<\/div>\n\t\t<\/div>\n\t\t\t\t<div class=\"elementor-column elementor-col-50 elementor-top-column elementor-element elementor-element-48ab8d2\" data-id=\"48ab8d2\" data-element_type=\"column\">\n\t\t\t<div class=\"elementor-widget-wrap elementor-element-populated\">\n\t\t\t\t\t\t<div class=\"elementor-element elementor-element-d79b927 elementor-widget elementor-widget-text-editor\" data-id=\"d79b927\" data-element_type=\"widget\" data-widget_type=\"text-editor.default\">\n\t\t\t\t<div class=\"elementor-widget-container\">\n\t\t\t\t\t\t\t<p><strong>Carregamento econ\u00f4mico<\/strong><\/p>\n<p>O aumento exponencial dos pre\u00e7os da eletricidade elevou significativamente as despesas dom\u00e9sticas com eletricidade para os consumidores. O aplicativo oferece controle total sobre a recarga e o consumo. O aplicativo tamb\u00e9m permite que o usu\u00e1rio carregue o carro quando o pre\u00e7o da eletricidade estiver baixo, ativando o modo econ\u00f4mico.<\/p>\t\t\t\t\t\t<\/div>\n\t\t\t\t<\/div>\n\t\t\t\t\t<\/div>\n\t\t<\/div>\n\t\t\t\t\t<\/div>\n\t\t<\/section>\n\t\t\t\t<\/div>","protected":false},"excerpt":{"rendered":"<p>Carregador com fun\u00e7\u00f5es como gerenciamento de programa\u00e7\u00e3o de recarga, gerenciamento de energia.<\/p>\n<ul class=\"clearfix\">\n<li>Tens\u00e3o de entrada: 1 fase 230V\u00b120%; 3 fases 400V\u00b120%<\/li>\n<li>Tens\u00e3o de sa\u00edda: 1 fase 7kW 32A; 3 fases 22kW 32A<\/li>\n<li>RCD interno: CA 30mA e CC 6mA Certifica\u00e7\u00e3o IEC62955 e IEC61008<\/li>\n<li>Tela: LCD de 2,8 polegadas<\/li>\n<li>Medidor: Medidor IC ou medidor MID (opcional)<\/li>\n<li>Interface de rede: Ethernet\/ WiFi\/  4G<\/li>\n<li>OCPP: suporte completo ao OCPP 1.6J\/ OCPP 2.0.1<\/li>\n<li>Plug&amp;Charge ISO15118: Atualiz\u00e1vel<\/li>\n<li>Grau de prote\u00e7\u00e3o:  IP55<\/li>\n<li>Dimens\u00f5es da embalagem: 500 x 383 x 198 mm; 500 x 383 x 243 mm<\/li>\n<li>Interface de carregamento: Cabo SAE J1772 e Tipo 2\/ Soquete Tipo 2\/ Soquete T2S com obturador<\/li>\n<li>Tipo de montagem: Parede ou piso (pedestal fornecido separadamente)<\/li>\n<\/ul>","protected":false},"featured_media":4987,"template":"","meta":[],"product_cat":[54],"product_tag":[63,62,64],"_links":{"self":[{"href":"https:\/\/hbcmobility.com.br\/br\/wp-json\/wp\/v2\/product\/5420"}],"collection":[{"href":"https:\/\/hbcmobility.com.br\/br\/wp-json\/wp\/v2\/product"}],"about":[{"href":"https:\/\/hbcmobility.com.br\/br\/wp-json\/wp\/v2\/types\/product"}],"version-history":[{"count":6,"href":"https:\/\/hbcmobility.com.br\/br\/wp-json\/wp\/v2\/product\/5420\/revisions"}],"predecessor-version":[{"id":5969,"href":"https:\/\/hbcmobility.com.br\/br\/wp-json\/wp\/v2\/product\/5420\/revisions\/5969"}],"wp:featuredmedia":[{"embeddable":true,"href":"https:\/\/hbcmobility.com.br\/br\/wp-json\/wp\/v2\/media\/4987"}],"wp:attachment":[{"href":"https:\/\/hbcmobility.com.br\/br\/wp-json\/wp\/v2\/media?parent=5420"}],"wp:term":[{"taxonomy":"product_cat","embeddable":true,"href":"https:\/\/hbcmobility.com.br\/br\/wp-json\/wp\/v2\/product_cat?post=5420"},{"taxonomy":"product_tag","embeddable":true,"href":"https:\/\/hbcmobility.com.br\/br\/wp-json\/wp\/v2\/product_tag?post=5420"}],"curies":[{"name":"wp","href":"https:\/\/api.w.org\/{rel}","templated":true}]}}