{"id":5414,"date":"2024-02-16T00:03:52","date_gmt":"2024-02-16T03:03:52","guid":{"rendered":"https:\/\/site.hbcmobility.com.br\/?post_type=product&#038;p=5414"},"modified":"2024-02-16T14:24:35","modified_gmt":"2024-02-16T17:24:35","slug":"level-2-ev-charger","status":"publish","type":"product","link":"https:\/\/hbcmobility.com.br\/br\/level-2-ev-charger\/","title":{"rendered":"Carregador AC Profissional R\u00e1pido - 22kW"},"content":{"rendered":"<div data-elementor-type=\"product-post\" data-elementor-id=\"5414\" class=\"elementor elementor-5414\">\n\t\t\t\t\t\t<section class=\"elementor-section elementor-top-section elementor-element elementor-element-a293c89 elementor-section-boxed elementor-section-height-default elementor-section-height-default\" data-id=\"a293c89\" data-element_type=\"section\">\n\t\t\t\t\t\t<div class=\"elementor-container elementor-column-gap-default\">\n\t\t\t\t\t<div class=\"elementor-column elementor-col-100 elementor-top-column elementor-element elementor-element-186a873\" data-id=\"186a873\" data-element_type=\"column\">\n\t\t\t<div class=\"elementor-widget-wrap elementor-element-populated\">\n\t\t\t\t\t\t<div class=\"elementor-element elementor-element-bc78920 elementor-widget elementor-widget-text-editor\" data-id=\"bc78920\" data-element_type=\"widget\" data-widget_type=\"text-editor.default\">\n\t\t\t\t<div class=\"elementor-widget-container\">\n\t\t\t<style>\/*! elementor - v3.19.0 - 29-01-2024 *\/\n.elementor-widget-text-editor.elementor-drop-cap-view-stacked .elementor-drop-cap{background-color:#69727d;color:#fff}.elementor-widget-text-editor.elementor-drop-cap-view-framed .elementor-drop-cap{color:#69727d;border:3px solid;background-color:transparent}.elementor-widget-text-editor:not(.elementor-drop-cap-view-default) .elementor-drop-cap{margin-top:8px}.elementor-widget-text-editor:not(.elementor-drop-cap-view-default) .elementor-drop-cap-letter{width:1em;height:1em}.elementor-widget-text-editor .elementor-drop-cap{float:left;text-align:center;line-height:1;font-size:50px}.elementor-widget-text-editor .elementor-drop-cap-letter{display:inline-block}<\/style>\t\t\t\t<p>Alto n\u00edvel de prote\u00e7\u00e3o e o design antifurto o tornam ideal para locais de recarga externa, como postos de gasolina, estacionamentos,.<\/p>\t\t\t\t\t\t<\/div>\n\t\t\t\t<\/div>\n\t\t\t\t\t<\/div>\n\t\t<\/div>\n\t\t\t\t\t<\/div>\n\t\t<\/section>\n\t\t\t\t<section class=\"elementor-section elementor-top-section elementor-element elementor-element-942e1ab elementor-section-boxed elementor-section-height-default elementor-section-height-default\" data-id=\"942e1ab\" data-element_type=\"section\">\n\t\t\t\t\t\t<div class=\"elementor-container elementor-column-gap-default\">\n\t\t\t\t\t<div class=\"elementor-column elementor-col-50 elementor-top-column elementor-element elementor-element-c9112d8\" data-id=\"c9112d8\" data-element_type=\"column\">\n\t\t\t<div class=\"elementor-widget-wrap elementor-element-populated\">\n\t\t\t\t\t\t<div class=\"elementor-element elementor-element-d159d11 elementor-widget elementor-widget-text-editor\" data-id=\"d159d11\" data-element_type=\"widget\" data-widget_type=\"text-editor.default\">\n\t\t\t\t<div class=\"elementor-widget-container\">\n\t\t\t\t\t\t\t<p><strong>Principais caracter\u00edsticas:<\/strong><br \/>\u25cf Compat\u00edvel com todos os carros e redes de energia<br \/>\u25cf RCCB Tipo B<br \/>\u25cf Medidor MID<br \/>\u25cf Tela LCD de 7\u2032 para opera\u00e7\u00e3o f\u00e1cil e amig\u00e1vel<br \/>\u25cf Comuta\u00e7\u00e3o inteligente de Ethernet, celular e WLAN<br \/>\u25cf Configura\u00e7\u00e3o flex\u00edvel de corrente de sa\u00edda\/pot\u00eancia<br \/>\u25cf Suporte ao balanceamento de carga din\u00e2mico inteligente<br \/>\u25cf Autentica\u00e7\u00e3o do usu\u00e1rio via RFID ou aplicativo m\u00f3vel<br \/>\u25cf Portal da Web de f\u00e1cil utiliza\u00e7\u00e3o para configura\u00e7\u00e3o do carregador<br \/>\u25cf Controle e monitoramento remoto<\/p>\t\t\t\t\t\t<\/div>\n\t\t\t\t<\/div>\n\t\t\t\t\t<\/div>\n\t\t<\/div>\n\t\t\t\t<div class=\"elementor-column elementor-col-50 elementor-top-column elementor-element elementor-element-8b79c92\" data-id=\"8b79c92\" data-element_type=\"column\">\n\t\t\t<div class=\"elementor-widget-wrap elementor-element-populated\">\n\t\t\t\t\t\t<div class=\"elementor-element elementor-element-5257be1 elementor-widget elementor-widget-image\" data-id=\"5257be1\" data-element_type=\"widget\" data-widget_type=\"image.default\">\n\t\t\t\t<div class=\"elementor-widget-container\">\n\t\t\t<style>\/*! elementor - v3.19.0 - 29-01-2024 *\/\n.elementor-widget-image{text-align:center}.elementor-widget-image a{display:inline-block}.elementor-widget-image a img[src$=\".svg\"]{width:48px}.elementor-widget-image img{vertical-align:middle;display:inline-block}<\/style>\t\t\t\t\t\t\t\t\t\t<img fetchpriority=\"high\" decoding=\"async\" width=\"750\" height=\"750\" src=\"https:\/\/hbcmobility.com.br\/wp-content\/uploads\/2023\/05\/7-22kW-EV-Charger-1-1.png\" class=\"attachment-full size-full wp-image-4956\" alt=\"\" srcset=\"https:\/\/hbcmobility.com.br\/wp-content\/uploads\/2023\/05\/7-22kW-EV-Charger-1-1.png 750w, https:\/\/hbcmobility.com.br\/wp-content\/uploads\/2023\/05\/7-22kW-EV-Charger-1-1-300x300.png 300w, https:\/\/hbcmobility.com.br\/wp-content\/uploads\/2023\/05\/7-22kW-EV-Charger-1-1-150x150.png 150w, https:\/\/hbcmobility.com.br\/wp-content\/uploads\/2023\/05\/7-22kW-EV-Charger-1-1-12x12.png 12w, https:\/\/hbcmobility.com.br\/wp-content\/uploads\/2023\/05\/7-22kW-EV-Charger-1-1-285x285.png 285w, https:\/\/hbcmobility.com.br\/wp-content\/uploads\/2023\/05\/7-22kW-EV-Charger-1-1-270x270.png 270w, https:\/\/hbcmobility.com.br\/wp-content\/uploads\/2023\/05\/7-22kW-EV-Charger-1-1-540x540.png 540w, https:\/\/hbcmobility.com.br\/wp-content\/uploads\/2023\/05\/7-22kW-EV-Charger-1-1-660x660.png 660w\" sizes=\"(max-width: 750px) 100vw, 750px\" \/>\t\t\t\t\t\t\t\t\t\t\t\t\t<\/div>\n\t\t\t\t<\/div>\n\t\t\t\t\t<\/div>\n\t\t<\/div>\n\t\t\t\t\t<\/div>\n\t\t<\/section>\n\t\t\t\t<section class=\"elementor-section elementor-top-section elementor-element elementor-element-9603aec elementor-section-boxed elementor-section-height-default elementor-section-height-default\" data-id=\"9603aec\" data-element_type=\"section\">\n\t\t\t\t\t\t<div class=\"elementor-container elementor-column-gap-default\">\n\t\t\t\t\t<div class=\"elementor-column elementor-col-50 elementor-top-column elementor-element elementor-element-eee12a2\" data-id=\"eee12a2\" data-element_type=\"column\">\n\t\t\t<div class=\"elementor-widget-wrap elementor-element-populated\">\n\t\t\t\t\t\t<div class=\"elementor-element elementor-element-6a87b62 elementor-widget elementor-widget-image\" data-id=\"6a87b62\" data-element_type=\"widget\" data-widget_type=\"image.default\">\n\t\t\t\t<div class=\"elementor-widget-container\">\n\t\t\t\t\t\t\t\t\t\t\t\t\t<img decoding=\"async\" width=\"750\" height=\"750\" src=\"https:\/\/hbcmobility.com.br\/wp-content\/uploads\/2023\/05\/7-22kW-EV-Charger-2-1.png\" class=\"attachment-full size-full wp-image-4957\" alt=\"\" srcset=\"https:\/\/hbcmobility.com.br\/wp-content\/uploads\/2023\/05\/7-22kW-EV-Charger-2-1.png 750w, https:\/\/hbcmobility.com.br\/wp-content\/uploads\/2023\/05\/7-22kW-EV-Charger-2-1-300x300.png 300w, https:\/\/hbcmobility.com.br\/wp-content\/uploads\/2023\/05\/7-22kW-EV-Charger-2-1-150x150.png 150w, https:\/\/hbcmobility.com.br\/wp-content\/uploads\/2023\/05\/7-22kW-EV-Charger-2-1-12x12.png 12w, https:\/\/hbcmobility.com.br\/wp-content\/uploads\/2023\/05\/7-22kW-EV-Charger-2-1-285x285.png 285w, https:\/\/hbcmobility.com.br\/wp-content\/uploads\/2023\/05\/7-22kW-EV-Charger-2-1-270x270.png 270w, https:\/\/hbcmobility.com.br\/wp-content\/uploads\/2023\/05\/7-22kW-EV-Charger-2-1-540x540.png 540w, https:\/\/hbcmobility.com.br\/wp-content\/uploads\/2023\/05\/7-22kW-EV-Charger-2-1-660x660.png 660w\" sizes=\"(max-width: 750px) 100vw, 750px\" \/>\t\t\t\t\t\t\t\t\t\t\t\t\t<\/div>\n\t\t\t\t<\/div>\n\t\t\t\t\t<\/div>\n\t\t<\/div>\n\t\t\t\t<div class=\"elementor-column elementor-col-50 elementor-top-column elementor-element elementor-element-5b864db\" data-id=\"5b864db\" data-element_type=\"column\">\n\t\t\t<div class=\"elementor-widget-wrap elementor-element-populated\">\n\t\t\t\t\t\t<div class=\"elementor-element elementor-element-4788f4e elementor-widget elementor-widget-text-editor\" data-id=\"4788f4e\" data-element_type=\"widget\" data-widget_type=\"text-editor.default\">\n\t\t\t\t<div class=\"elementor-widget-container\">\n\t\t\t\t\t\t\t<p><strong>Tela LCD de 7'<\/strong><\/p><p class=\"\">A tela de 7 polegadas exibe o status do carregador, o status da recarga, o QR Code  e outros conte\u00fados em tempo real. Al\u00e9m disso, ela tamb\u00e9m reproduz v\u00eddeos, fotos, textos, sons e outras fun\u00e7\u00f5es, o que significa que o efeito de exposi\u00e7\u00e3o da esta\u00e7\u00e3o de recarga pode ser aprimorado.<\/p>\t\t\t\t\t\t<\/div>\n\t\t\t\t<\/div>\n\t\t\t\t\t<\/div>\n\t\t<\/div>\n\t\t\t\t\t<\/div>\n\t\t<\/section>\n\t\t\t\t<section class=\"elementor-section elementor-top-section elementor-element elementor-element-67a4712 elementor-section-boxed elementor-section-height-default elementor-section-height-default\" data-id=\"67a4712\" data-element_type=\"section\">\n\t\t\t\t\t\t<div class=\"elementor-container elementor-column-gap-default\">\n\t\t\t\t\t<div class=\"elementor-column elementor-col-50 elementor-top-column elementor-element elementor-element-351a9a2\" data-id=\"351a9a2\" data-element_type=\"column\">\n\t\t\t<div class=\"elementor-widget-wrap elementor-element-populated\">\n\t\t\t\t\t\t<div class=\"elementor-element elementor-element-7ee3b45 elementor-widget elementor-widget-text-editor\" data-id=\"7ee3b45\" data-element_type=\"widget\" data-widget_type=\"text-editor.default\">\n\t\t\t\t<div class=\"elementor-widget-container\">\n\t\t\t\t\t\t\t<p><strong>Compat\u00edvel com OCPP<\/strong><\/p><p>Com sua total conformidade com os perfis OCPP 1.6J e OCPP 2.0, isso significa que voc\u00ea pode conect\u00e1-lo facilmente a qualquer OCPP CCMS de terceiros para monitoramento e gerenciamento remotos.<\/p><p><strong>Suporte ao balanceamento din\u00e2mico de carga<\/strong><\/p><p class=\"\">O recurso de balanceamento de carga dos carregadores os torna perfeitos para uso comercial. Ele garante que os usu\u00e1rios possam equilibrar dinamicamente toda a energia dispon\u00edvel na esta\u00e7\u00e3o de recarga, incluindo sistemas solares, de bateria e circuitos que nunca sobrecarregam. E todo o equipamento est\u00e1 em opera\u00e7\u00e3o normal para minimizar o consumo de energia.<\/p>\t\t\t\t\t\t<\/div>\n\t\t\t\t<\/div>\n\t\t\t\t\t<\/div>\n\t\t<\/div>\n\t\t\t\t<div class=\"elementor-column elementor-col-50 elementor-top-column elementor-element elementor-element-0935c28\" data-id=\"0935c28\" data-element_type=\"column\">\n\t\t\t<div class=\"elementor-widget-wrap elementor-element-populated\">\n\t\t\t\t\t\t<div class=\"elementor-element elementor-element-c396476 elementor-widget elementor-widget-image\" data-id=\"c396476\" data-element_type=\"widget\" data-widget_type=\"image.default\">\n\t\t\t\t<div class=\"elementor-widget-container\">\n\t\t\t\t\t\t\t\t\t\t\t\t\t<img decoding=\"async\" width=\"750\" height=\"750\" src=\"https:\/\/hbcmobility.com.br\/wp-content\/uploads\/2023\/05\/144.png\" class=\"attachment-full size-full wp-image-4958\" alt=\"\" srcset=\"https:\/\/hbcmobility.com.br\/wp-content\/uploads\/2023\/05\/144.png 750w, https:\/\/hbcmobility.com.br\/wp-content\/uploads\/2023\/05\/144-300x300.png 300w, https:\/\/hbcmobility.com.br\/wp-content\/uploads\/2023\/05\/144-150x150.png 150w, https:\/\/hbcmobility.com.br\/wp-content\/uploads\/2023\/05\/144-12x12.png 12w, https:\/\/hbcmobility.com.br\/wp-content\/uploads\/2023\/05\/144-285x285.png 285w, https:\/\/hbcmobility.com.br\/wp-content\/uploads\/2023\/05\/144-270x270.png 270w, https:\/\/hbcmobility.com.br\/wp-content\/uploads\/2023\/05\/144-540x540.png 540w, https:\/\/hbcmobility.com.br\/wp-content\/uploads\/2023\/05\/144-660x660.png 660w\" sizes=\"(max-width: 750px) 100vw, 750px\" \/>\t\t\t\t\t\t\t\t\t\t\t\t\t<\/div>\n\t\t\t\t<\/div>\n\t\t\t\t\t<\/div>\n\t\t<\/div>\n\t\t\t\t\t<\/div>\n\t\t<\/section>\n\t\t\t\t<section class=\"elementor-section elementor-top-section elementor-element elementor-element-58c5698 elementor-section-boxed elementor-section-height-default elementor-section-height-default\" data-id=\"58c5698\" data-element_type=\"section\">\n\t\t\t\t\t\t<div class=\"elementor-container elementor-column-gap-default\">\n\t\t\t\t\t<div class=\"elementor-column elementor-col-50 elementor-top-column elementor-element elementor-element-645d292\" data-id=\"645d292\" data-element_type=\"column\">\n\t\t\t<div class=\"elementor-widget-wrap elementor-element-populated\">\n\t\t\t\t\t\t<div class=\"elementor-element elementor-element-c4775bf elementor-widget elementor-widget-image\" data-id=\"c4775bf\" data-element_type=\"widget\" data-widget_type=\"image.default\">\n\t\t\t\t<div class=\"elementor-widget-container\">\n\t\t\t\t\t\t\t\t\t\t\t\t\t<img loading=\"lazy\" decoding=\"async\" width=\"800\" height=\"800\" src=\"https:\/\/hbcmobility.com.br\/wp-content\/uploads\/2023\/05\/Support-multi-payment-methods-1.png\" class=\"attachment-full size-full wp-image-4959\" alt=\"\" srcset=\"https:\/\/hbcmobility.com.br\/wp-content\/uploads\/2023\/05\/Support-multi-payment-methods-1.png 800w, https:\/\/hbcmobility.com.br\/wp-content\/uploads\/2023\/05\/Support-multi-payment-methods-1-300x300.png 300w, https:\/\/hbcmobility.com.br\/wp-content\/uploads\/2023\/05\/Support-multi-payment-methods-1-150x150.png 150w, https:\/\/hbcmobility.com.br\/wp-content\/uploads\/2023\/05\/Support-multi-payment-methods-1-768x768.png 768w, https:\/\/hbcmobility.com.br\/wp-content\/uploads\/2023\/05\/Support-multi-payment-methods-1-12x12.png 12w, https:\/\/hbcmobility.com.br\/wp-content\/uploads\/2023\/05\/Support-multi-payment-methods-1-285x285.png 285w, https:\/\/hbcmobility.com.br\/wp-content\/uploads\/2023\/05\/Support-multi-payment-methods-1-270x270.png 270w, https:\/\/hbcmobility.com.br\/wp-content\/uploads\/2023\/05\/Support-multi-payment-methods-1-540x540.png 540w, https:\/\/hbcmobility.com.br\/wp-content\/uploads\/2023\/05\/Support-multi-payment-methods-1-660x660.png 660w\" sizes=\"(max-width: 800px) 100vw, 800px\" \/>\t\t\t\t\t\t\t\t\t\t\t\t\t<\/div>\n\t\t\t\t<\/div>\n\t\t\t\t\t<\/div>\n\t\t<\/div>\n\t\t\t\t<div class=\"elementor-column elementor-col-50 elementor-top-column elementor-element elementor-element-49aa57d\" data-id=\"49aa57d\" data-element_type=\"column\">\n\t\t\t<div class=\"elementor-widget-wrap elementor-element-populated\">\n\t\t\t\t\t\t<div class=\"elementor-element elementor-element-4c21c78 elementor-widget elementor-widget-text-editor\" data-id=\"4c21c78\" data-element_type=\"widget\" data-widget_type=\"text-editor.default\">\n\t\t\t\t<div class=\"elementor-widget-container\">\n\t\t\t\t\t\t\t<p class=\"\"><strong>Suporte a v\u00e1rios m\u00e9todos de pagamento<\/strong><\/p>\n<p class=\"\">Oferece suporte a varios m\u00e9todos de pagamento atrav\u00e9s do Aplicativo Mov\u00e9l, NFC  ou cart\u00e3o RFID.<\/p>\t\t\t\t\t\t<\/div>\n\t\t\t\t<\/div>\n\t\t\t\t\t<\/div>\n\t\t<\/div>\n\t\t\t\t\t<\/div>\n\t\t<\/section>\n\t\t\t\t<\/div>","protected":false},"excerpt":{"rendered":"<div class=\"pro_main_text clearfix\">\n<div class=\"pro_main_text clearfix\">\n<div class=\"pro_main_text clearfix\">\n<p>Carregador ideal para locais de recarga externa<\/p>\n<\/div>\n<ul class=\"clearfix\">\n<li>Tens\u00e3o de entrada: 1 fase 230V\u00b120%; 3 fases 400V\u00b120%<\/li>\n<li>Tens\u00e3o de sa\u00edda: 1 fase 7kW 32A; 3 fases 22kW 32A<\/li>\n<li>RCD interno: RCCB tipo B<\/li>\n<li>Tela: LCD DE 7 POLEGADAS<\/li>\n<li>Medidor: Medidor MID<\/li>\n<li>Interface de rede: Ethernet\/ WiFi\/  4G<\/li>\n<li>OCPP: suporte completo ao OCPP 1.6J\/ OCPP 2.0.1<\/li>\n<li>Plug&amp;Charge ISO15118: Atualiz\u00e1vel<\/li>\n<li>Grau de prote\u00e7\u00e3o: IP54<\/li>\n<li>Interface de carregamento: Cabo SAE J1772 e Tipo 2\/ Soquete Tipo 2\/ Soquete T2S com obturador<\/li>\n<li>Tipo de montagem: Parede ou piso (pedestal fornecido separadamente)<\/li>\n<\/ul>\n<\/div>\n<\/div>","protected":false},"featured_media":4950,"template":"","meta":[],"product_cat":[55],"product_tag":[78,80,79],"_links":{"self":[{"href":"https:\/\/hbcmobility.com.br\/br\/wp-json\/wp\/v2\/product\/5414"}],"collection":[{"href":"https:\/\/hbcmobility.com.br\/br\/wp-json\/wp\/v2\/product"}],"about":[{"href":"https:\/\/hbcmobility.com.br\/br\/wp-json\/wp\/v2\/types\/product"}],"version-history":[{"count":9,"href":"https:\/\/hbcmobility.com.br\/br\/wp-json\/wp\/v2\/product\/5414\/revisions"}],"predecessor-version":[{"id":5473,"href":"https:\/\/hbcmobility.com.br\/br\/wp-json\/wp\/v2\/product\/5414\/revisions\/5473"}],"wp:featuredmedia":[{"embeddable":true,"href":"https:\/\/hbcmobility.com.br\/br\/wp-json\/wp\/v2\/media\/4950"}],"wp:attachment":[{"href":"https:\/\/hbcmobility.com.br\/br\/wp-json\/wp\/v2\/media?parent=5414"}],"wp:term":[{"taxonomy":"product_cat","embeddable":true,"href":"https:\/\/hbcmobility.com.br\/br\/wp-json\/wp\/v2\/product_cat?post=5414"},{"taxonomy":"product_tag","embeddable":true,"href":"https:\/\/hbcmobility.com.br\/br\/wp-json\/wp\/v2\/product_tag?post=5414"}],"curies":[{"name":"wp","href":"https:\/\/api.w.org\/{rel}","templated":true}]}}