{"id":5412,"date":"2024-02-16T00:01:28","date_gmt":"2024-02-16T03:01:28","guid":{"rendered":"https:\/\/site.hbcmobility.com.br\/?post_type=product&#038;p=5412"},"modified":"2024-02-16T00:26:43","modified_gmt":"2024-02-16T03:26:43","slug":"wallbox-dc-fast-charger","status":"publish","type":"product","link":"https:\/\/hbcmobility.com.br\/br\/wallbox-dc-fast-charger\/","title":{"rendered":"Carregador DC Super R\u00e1pido - 60kW"},"content":{"rendered":"<div data-elementor-type=\"product-post\" data-elementor-id=\"5412\" class=\"elementor elementor-5412\">\n\t\t\t\t\t\t<section class=\"elementor-section elementor-top-section elementor-element elementor-element-34475fe elementor-section-boxed elementor-section-height-default elementor-section-height-default\" data-id=\"34475fe\" data-element_type=\"section\">\n\t\t\t\t\t\t<div class=\"elementor-container elementor-column-gap-default\">\n\t\t\t\t\t<div class=\"elementor-column elementor-col-50 elementor-top-column elementor-element elementor-element-09e3605\" data-id=\"09e3605\" data-element_type=\"column\">\n\t\t\t<div class=\"elementor-widget-wrap elementor-element-populated\">\n\t\t\t\t\t\t<div class=\"elementor-element elementor-element-3a8bec0 elementor-widget elementor-widget-text-editor\" data-id=\"3a8bec0\" data-element_type=\"widget\" data-widget_type=\"text-editor.default\">\n\t\t\t\t<div class=\"elementor-widget-container\">\n\t\t\t<style>\/*! elementor - v3.19.0 - 29-01-2024 *\/\n.elementor-widget-text-editor.elementor-drop-cap-view-stacked .elementor-drop-cap{background-color:#69727d;color:#fff}.elementor-widget-text-editor.elementor-drop-cap-view-framed .elementor-drop-cap{color:#69727d;border:3px solid;background-color:transparent}.elementor-widget-text-editor:not(.elementor-drop-cap-view-default) .elementor-drop-cap{margin-top:8px}.elementor-widget-text-editor:not(.elementor-drop-cap-view-default) .elementor-drop-cap-letter{width:1em;height:1em}.elementor-widget-text-editor .elementor-drop-cap{float:left;text-align:center;line-height:1;font-size:50px}.elementor-widget-text-editor .elementor-drop-cap-letter{display:inline-block}<\/style>\t\t\t\t<p><strong>Principais caracter\u00edsticas:<\/strong><\/p><ul><li>Velocidade de recarga de at\u00e9 60 kW<\/li><li>Conector de carregamento CCS 1\/ CCS 2\/ ChadeMO\/ GB-T<\/li><li>ISO 15118 Plug &amp; Charge<\/li><li>Suporta dois conectores de carregamento simultaneamente<\/li><li>\u00a0Efici\u00eancia energ\u00e9tica do 95% para uma opera\u00e7\u00e3o econ\u00f4mica<\/li><li>Leitor de cart\u00e3o RFID incorporado para autentica\u00e7\u00e3o do usu\u00e1rio<\/li><li>Tela LCD sens\u00edvel ao toque de 8 polegadas e interface amig\u00e1vel, f\u00e1cil de operar<\/li><li>Capacidade de rede com fio\/sem fio para conex\u00e3o com o back office<\/li><li>C\u00f3digo PIN (OTP)<\/li><li>Suporte completo aos comandos OCPP 1.6J e OCPP 2.0.1<\/li><\/ul>\t\t\t\t\t\t<\/div>\n\t\t\t\t<\/div>\n\t\t\t\t\t<\/div>\n\t\t<\/div>\n\t\t\t\t<div class=\"elementor-column elementor-col-50 elementor-top-column elementor-element elementor-element-05fc7de\" data-id=\"05fc7de\" data-element_type=\"column\">\n\t\t\t<div class=\"elementor-widget-wrap elementor-element-populated\">\n\t\t\t\t\t\t<div class=\"elementor-element elementor-element-590de91 elementor-widget elementor-widget-image\" data-id=\"590de91\" data-element_type=\"widget\" data-widget_type=\"image.default\">\n\t\t\t\t<div class=\"elementor-widget-container\">\n\t\t\t<style>\/*! elementor - v3.19.0 - 29-01-2024 *\/\n.elementor-widget-image{text-align:center}.elementor-widget-image a{display:inline-block}.elementor-widget-image a img[src$=\".svg\"]{width:48px}.elementor-widget-image img{vertical-align:middle;display:inline-block}<\/style>\t\t\t\t\t\t\t\t\t\t<img fetchpriority=\"high\" decoding=\"async\" width=\"2048\" height=\"2048\" src=\"https:\/\/hbcmobility.com.br\/wp-content\/uploads\/2023\/05\/dc-ev-charger-1-2048x2048-1.png\" class=\"attachment-full size-full wp-image-4916\" alt=\"\" srcset=\"https:\/\/hbcmobility.com.br\/wp-content\/uploads\/2023\/05\/dc-ev-charger-1-2048x2048-1.png 2048w, https:\/\/hbcmobility.com.br\/wp-content\/uploads\/2023\/05\/dc-ev-charger-1-2048x2048-1-300x300.png 300w, https:\/\/hbcmobility.com.br\/wp-content\/uploads\/2023\/05\/dc-ev-charger-1-2048x2048-1-1024x1024.png 1024w, https:\/\/hbcmobility.com.br\/wp-content\/uploads\/2023\/05\/dc-ev-charger-1-2048x2048-1-150x150.png 150w, https:\/\/hbcmobility.com.br\/wp-content\/uploads\/2023\/05\/dc-ev-charger-1-2048x2048-1-768x768.png 768w, https:\/\/hbcmobility.com.br\/wp-content\/uploads\/2023\/05\/dc-ev-charger-1-2048x2048-1-1536x1536.png 1536w, https:\/\/hbcmobility.com.br\/wp-content\/uploads\/2023\/05\/dc-ev-charger-1-2048x2048-1-12x12.png 12w, https:\/\/hbcmobility.com.br\/wp-content\/uploads\/2023\/05\/dc-ev-charger-1-2048x2048-1-285x285.png 285w, https:\/\/hbcmobility.com.br\/wp-content\/uploads\/2023\/05\/dc-ev-charger-1-2048x2048-1-1600x1600.png 1600w, https:\/\/hbcmobility.com.br\/wp-content\/uploads\/2023\/05\/dc-ev-charger-1-2048x2048-1-270x270.png 270w, https:\/\/hbcmobility.com.br\/wp-content\/uploads\/2023\/05\/dc-ev-charger-1-2048x2048-1-540x540.png 540w, https:\/\/hbcmobility.com.br\/wp-content\/uploads\/2023\/05\/dc-ev-charger-1-2048x2048-1-660x660.png 660w\" sizes=\"(max-width: 2048px) 100vw, 2048px\" \/>\t\t\t\t\t\t\t\t\t\t\t\t\t<\/div>\n\t\t\t\t<\/div>\n\t\t\t\t\t<\/div>\n\t\t<\/div>\n\t\t\t\t\t<\/div>\n\t\t<\/section>\n\t\t\t\t<section class=\"elementor-section elementor-top-section elementor-element elementor-element-e85439f elementor-section-boxed elementor-section-height-default elementor-section-height-default\" data-id=\"e85439f\" data-element_type=\"section\">\n\t\t\t\t\t\t<div class=\"elementor-container elementor-column-gap-default\">\n\t\t\t\t\t<div class=\"elementor-column elementor-col-50 elementor-top-column elementor-element elementor-element-ec719e4\" data-id=\"ec719e4\" data-element_type=\"column\">\n\t\t\t<div class=\"elementor-widget-wrap elementor-element-populated\">\n\t\t\t\t\t\t<div class=\"elementor-element elementor-element-24c3f7e elementor-widget elementor-widget-image\" data-id=\"24c3f7e\" data-element_type=\"widget\" data-widget_type=\"image.default\">\n\t\t\t\t<div class=\"elementor-widget-container\">\n\t\t\t\t\t\t\t\t\t\t\t\t\t<img decoding=\"async\" width=\"750\" height=\"750\" src=\"https:\/\/hbcmobility.com.br\/wp-content\/uploads\/2023\/05\/30kW-60kW-DC-EV-CHARGING-STATION.png\" class=\"attachment-full size-full wp-image-4917\" alt=\"\" srcset=\"https:\/\/hbcmobility.com.br\/wp-content\/uploads\/2023\/05\/30kW-60kW-DC-EV-CHARGING-STATION.png 750w, https:\/\/hbcmobility.com.br\/wp-content\/uploads\/2023\/05\/30kW-60kW-DC-EV-CHARGING-STATION-300x300.png 300w, https:\/\/hbcmobility.com.br\/wp-content\/uploads\/2023\/05\/30kW-60kW-DC-EV-CHARGING-STATION-150x150.png 150w, https:\/\/hbcmobility.com.br\/wp-content\/uploads\/2023\/05\/30kW-60kW-DC-EV-CHARGING-STATION-12x12.png 12w, https:\/\/hbcmobility.com.br\/wp-content\/uploads\/2023\/05\/30kW-60kW-DC-EV-CHARGING-STATION-285x285.png 285w, https:\/\/hbcmobility.com.br\/wp-content\/uploads\/2023\/05\/30kW-60kW-DC-EV-CHARGING-STATION-270x270.png 270w, https:\/\/hbcmobility.com.br\/wp-content\/uploads\/2023\/05\/30kW-60kW-DC-EV-CHARGING-STATION-540x540.png 540w, https:\/\/hbcmobility.com.br\/wp-content\/uploads\/2023\/05\/30kW-60kW-DC-EV-CHARGING-STATION-660x660.png 660w\" sizes=\"(max-width: 750px) 100vw, 750px\" \/>\t\t\t\t\t\t\t\t\t\t\t\t\t<\/div>\n\t\t\t\t<\/div>\n\t\t\t\t\t<\/div>\n\t\t<\/div>\n\t\t\t\t<div class=\"elementor-column elementor-col-50 elementor-top-column elementor-element elementor-element-45f5791\" data-id=\"45f5791\" data-element_type=\"column\">\n\t\t\t<div class=\"elementor-widget-wrap elementor-element-populated\">\n\t\t\t\t\t\t<div class=\"elementor-element elementor-element-b0f34e3 elementor-widget elementor-widget-text-editor\" data-id=\"b0f34e3\" data-element_type=\"widget\" data-widget_type=\"text-editor.default\">\n\t\t\t\t<div class=\"elementor-widget-container\">\n\t\t\t\t\t\t\t<div class=\"text-detail\"><p><strong>Recarga r\u00e1pida e efici\u00eancia<\/strong><\/p><p>Pot\u00eancia m\u00e1xima de 60 kW, o que garante uma recarga r\u00e1pida. Efici\u00eancia de carregamento superior a 95% e baixo consumo de energia em modo de espera.<\/p><\/div>\t\t\t\t\t\t<\/div>\n\t\t\t\t<\/div>\n\t\t\t\t\t<\/div>\n\t\t<\/div>\n\t\t\t\t\t<\/div>\n\t\t<\/section>\n\t\t\t\t<section class=\"elementor-section elementor-top-section elementor-element elementor-element-0172ff0 elementor-section-boxed elementor-section-height-default elementor-section-height-default\" data-id=\"0172ff0\" data-element_type=\"section\">\n\t\t\t\t\t\t<div class=\"elementor-container elementor-column-gap-default\">\n\t\t\t\t\t<div class=\"elementor-column elementor-col-50 elementor-top-column elementor-element elementor-element-787e6cf\" data-id=\"787e6cf\" data-element_type=\"column\">\n\t\t\t<div class=\"elementor-widget-wrap elementor-element-populated\">\n\t\t\t\t\t\t<div class=\"elementor-element elementor-element-2f96cea elementor-widget elementor-widget-text-editor\" data-id=\"2f96cea\" data-element_type=\"widget\" data-widget_type=\"text-editor.default\">\n\t\t\t\t<div class=\"elementor-widget-container\">\n\t\t\t\t\t\t\t<p><strong>Casos de uso<\/strong><\/p>\n<p>Com seu design ultracompacto, ele \u00e9 seguro e confi\u00e1vel para instala\u00e7\u00e3o em estacionamentos de pr\u00e9dios, shopping centers e hot\u00e9is.<\/p>\n<p><strong>F\u00e1cil de usar<\/strong><\/p>\n<p>Permite autentica\u00e7\u00e3o segura e pagamento seguro por meio de RFID e aplicativos m\u00f3veis. A tela sens\u00edvel ao toque de 8 polegadas com suporte a v\u00e1rios idiomas torna a opera\u00e7\u00e3o de carregamento f\u00e1cil e compreens\u00edvel.<\/p>\t\t\t\t\t\t<\/div>\n\t\t\t\t<\/div>\n\t\t\t\t\t<\/div>\n\t\t<\/div>\n\t\t\t\t<div class=\"elementor-column elementor-col-50 elementor-top-column elementor-element elementor-element-d5a2272\" data-id=\"d5a2272\" data-element_type=\"column\">\n\t\t\t<div class=\"elementor-widget-wrap elementor-element-populated\">\n\t\t\t\t\t\t<div class=\"elementor-element elementor-element-016a5a0 elementor-widget elementor-widget-image\" data-id=\"016a5a0\" data-element_type=\"widget\" data-widget_type=\"image.default\">\n\t\t\t\t<div class=\"elementor-widget-container\">\n\t\t\t\t\t\t\t\t\t\t\t\t\t<img decoding=\"async\" width=\"750\" height=\"750\" src=\"https:\/\/hbcmobility.com.br\/wp-content\/uploads\/2023\/05\/30kW-60kW-DC-EV-CHARGING-STATION-1.png\" class=\"attachment-full size-full wp-image-4918\" alt=\"\" srcset=\"https:\/\/hbcmobility.com.br\/wp-content\/uploads\/2023\/05\/30kW-60kW-DC-EV-CHARGING-STATION-1.png 750w, https:\/\/hbcmobility.com.br\/wp-content\/uploads\/2023\/05\/30kW-60kW-DC-EV-CHARGING-STATION-1-300x300.png 300w, https:\/\/hbcmobility.com.br\/wp-content\/uploads\/2023\/05\/30kW-60kW-DC-EV-CHARGING-STATION-1-150x150.png 150w, https:\/\/hbcmobility.com.br\/wp-content\/uploads\/2023\/05\/30kW-60kW-DC-EV-CHARGING-STATION-1-12x12.png 12w, https:\/\/hbcmobility.com.br\/wp-content\/uploads\/2023\/05\/30kW-60kW-DC-EV-CHARGING-STATION-1-285x285.png 285w, https:\/\/hbcmobility.com.br\/wp-content\/uploads\/2023\/05\/30kW-60kW-DC-EV-CHARGING-STATION-1-270x270.png 270w, https:\/\/hbcmobility.com.br\/wp-content\/uploads\/2023\/05\/30kW-60kW-DC-EV-CHARGING-STATION-1-540x540.png 540w, https:\/\/hbcmobility.com.br\/wp-content\/uploads\/2023\/05\/30kW-60kW-DC-EV-CHARGING-STATION-1-660x660.png 660w\" sizes=\"(max-width: 750px) 100vw, 750px\" \/>\t\t\t\t\t\t\t\t\t\t\t\t\t<\/div>\n\t\t\t\t<\/div>\n\t\t\t\t\t<\/div>\n\t\t<\/div>\n\t\t\t\t\t<\/div>\n\t\t<\/section>\n\t\t\t\t<section class=\"elementor-section elementor-top-section elementor-element elementor-element-b7d9a83 elementor-section-boxed elementor-section-height-default elementor-section-height-default\" data-id=\"b7d9a83\" data-element_type=\"section\">\n\t\t\t\t\t\t<div class=\"elementor-container elementor-column-gap-default\">\n\t\t\t\t\t<div class=\"elementor-column elementor-col-50 elementor-top-column elementor-element elementor-element-fdf59cc\" data-id=\"fdf59cc\" data-element_type=\"column\">\n\t\t\t<div class=\"elementor-widget-wrap elementor-element-populated\">\n\t\t\t\t\t\t<div class=\"elementor-element elementor-element-2daf3e3 elementor-widget elementor-widget-image\" data-id=\"2daf3e3\" data-element_type=\"widget\" data-widget_type=\"image.default\">\n\t\t\t\t<div class=\"elementor-widget-container\">\n\t\t\t\t\t\t\t\t\t\t\t\t\t<img loading=\"lazy\" decoding=\"async\" width=\"750\" height=\"750\" src=\"https:\/\/hbcmobility.com.br\/wp-content\/uploads\/2023\/05\/60kW-90kW-120kW-150kW-DC-Fast-EV-3.png\" class=\"attachment-full size-full wp-image-4919\" alt=\"\" srcset=\"https:\/\/hbcmobility.com.br\/wp-content\/uploads\/2023\/05\/60kW-90kW-120kW-150kW-DC-Fast-EV-3.png 750w, https:\/\/hbcmobility.com.br\/wp-content\/uploads\/2023\/05\/60kW-90kW-120kW-150kW-DC-Fast-EV-3-300x300.png 300w, https:\/\/hbcmobility.com.br\/wp-content\/uploads\/2023\/05\/60kW-90kW-120kW-150kW-DC-Fast-EV-3-150x150.png 150w, https:\/\/hbcmobility.com.br\/wp-content\/uploads\/2023\/05\/60kW-90kW-120kW-150kW-DC-Fast-EV-3-12x12.png 12w, https:\/\/hbcmobility.com.br\/wp-content\/uploads\/2023\/05\/60kW-90kW-120kW-150kW-DC-Fast-EV-3-285x285.png 285w, https:\/\/hbcmobility.com.br\/wp-content\/uploads\/2023\/05\/60kW-90kW-120kW-150kW-DC-Fast-EV-3-270x270.png 270w, https:\/\/hbcmobility.com.br\/wp-content\/uploads\/2023\/05\/60kW-90kW-120kW-150kW-DC-Fast-EV-3-540x540.png 540w, https:\/\/hbcmobility.com.br\/wp-content\/uploads\/2023\/05\/60kW-90kW-120kW-150kW-DC-Fast-EV-3-660x660.png 660w\" sizes=\"(max-width: 750px) 100vw, 750px\" \/>\t\t\t\t\t\t\t\t\t\t\t\t\t<\/div>\n\t\t\t\t<\/div>\n\t\t\t\t\t<\/div>\n\t\t<\/div>\n\t\t\t\t<div class=\"elementor-column elementor-col-50 elementor-top-column elementor-element elementor-element-9abb748\" data-id=\"9abb748\" data-element_type=\"column\">\n\t\t\t<div class=\"elementor-widget-wrap elementor-element-populated\">\n\t\t\t\t\t\t<div class=\"elementor-element elementor-element-9f6a1bc elementor-widget elementor-widget-text-editor\" data-id=\"9f6a1bc\" data-element_type=\"widget\" data-widget_type=\"text-editor.default\">\n\t\t\t\t<div class=\"elementor-widget-container\">\n\t\t\t\t\t\t\t<p><strong>Suporte a recarga inteligente<\/strong><\/p><p>Recarga inteligente por meio do protocolo OCPP. O recurso de gerenciamento din\u00e2mico de carga o torna pronto para integra\u00e7\u00e3o com pr\u00e9dios inteligentes .<\/p>\t\t\t\t\t\t<\/div>\n\t\t\t\t<\/div>\n\t\t\t\t\t<\/div>\n\t\t<\/div>\n\t\t\t\t\t<\/div>\n\t\t<\/section>\n\t\t\t\t<\/div>","protected":false},"excerpt":{"rendered":"<div class=\"pro_main_text clearfix\">\n<div class=\"pro_main_text clearfix\">\n<div class=\"pro_main_text clearfix\">\n<div class=\"pro_main_text clearfix\">\n<div class=\"pro_main_text clearfix\">\n<div class=\"pro_main_text clearfix\">\n<p class=\"\">A esta\u00e7\u00e3o de recarga DC compacta pode ser fixada na parede ou montada no ch\u00e3o. sendo de f\u00e1cil de utiliza\u00e7\u00e3o.<\/p>\n<\/div>\n<ul class=\"clearfix\">\n<li>Tens\u00e3o de entrada: 400V\u00b115% AC trif\u00e1sico<\/li>\n<li>Pot\u00eancia m\u00e1xima de sa\u00edda DC: 30kW\/ 60kW<\/li>\n<li>Faixa de tens\u00e3o DC de sa\u00edda: 150V-1000V DC<\/li>\n<li>Tela: 8\" Tela LCD sens\u00edvel ao toque TFT<\/li>\n<li>Interface de rede: Ethernet\/ WiFi\/  4G<\/li>\n<li>OCPP: suporte completo a perfis OCPP 1.6J\/ OCPP 2.0.1<\/li>\n<li>Plug&amp;Charge ISO15118: Atualiz\u00e1vel<\/li>\n<li>Grau de prote\u00e7\u00e3o: IP54<\/li>\n<li>Interface de carregamento: 1 CCS\/ 1 CHAdeMO\/ 2 CCS\/ 2 CHAdeMO\/1 CCS +1 CHAdeMO<\/li>\n<li>Tipo de montagem: Parede ou piso (pedestal fornecido separadamente)<\/li>\n<li>Dimens\u00e3o: 355\u00d7690\u00d7770mm<\/li>\n<\/ul>\n<\/div>\n<\/div>\n<\/div>\n<\/div>\n<\/div>","protected":false},"featured_media":4913,"template":"","meta":[],"product_cat":[56],"product_tag":[84,86,85],"_links":{"self":[{"href":"https:\/\/hbcmobility.com.br\/br\/wp-json\/wp\/v2\/product\/5412"}],"collection":[{"href":"https:\/\/hbcmobility.com.br\/br\/wp-json\/wp\/v2\/product"}],"about":[{"href":"https:\/\/hbcmobility.com.br\/br\/wp-json\/wp\/v2\/types\/product"}],"version-history":[{"count":4,"href":"https:\/\/hbcmobility.com.br\/br\/wp-json\/wp\/v2\/product\/5412\/revisions"}],"predecessor-version":[{"id":5432,"href":"https:\/\/hbcmobility.com.br\/br\/wp-json\/wp\/v2\/product\/5412\/revisions\/5432"}],"wp:featuredmedia":[{"embeddable":true,"href":"https:\/\/hbcmobility.com.br\/br\/wp-json\/wp\/v2\/media\/4913"}],"wp:attachment":[{"href":"https:\/\/hbcmobility.com.br\/br\/wp-json\/wp\/v2\/media?parent=5412"}],"wp:term":[{"taxonomy":"product_cat","embeddable":true,"href":"https:\/\/hbcmobility.com.br\/br\/wp-json\/wp\/v2\/product_cat?post=5412"},{"taxonomy":"product_tag","embeddable":true,"href":"https:\/\/hbcmobility.com.br\/br\/wp-json\/wp\/v2\/product_tag?post=5412"}],"curies":[{"name":"wp","href":"https:\/\/api.w.org\/{rel}","templated":true}]}}