{"id":5407,"date":"2024-02-15T23:53:07","date_gmt":"2024-02-16T02:53:07","guid":{"rendered":"https:\/\/site.hbcmobility.com.br\/?post_type=product&#038;p=5407"},"modified":"2024-02-16T11:08:18","modified_gmt":"2024-02-16T14:08:18","slug":"ultra-fast-charging-station","status":"publish","type":"product","link":"https:\/\/hbcmobility.com.br\/br\/ultra-fast-charging-station\/","title":{"rendered":"Carregador DC Ultra R\u00e1pido - 420kW"},"content":{"rendered":"<div data-elementor-type=\"product-post\" data-elementor-id=\"5407\" class=\"elementor elementor-5407\">\n\t\t\t\t\t\t<section class=\"elementor-section elementor-top-section elementor-element elementor-element-57153f0 elementor-section-boxed elementor-section-height-default elementor-section-height-default\" data-id=\"57153f0\" data-element_type=\"section\">\n\t\t\t\t\t\t<div class=\"elementor-container elementor-column-gap-default\">\n\t\t\t\t\t<div class=\"elementor-column elementor-col-100 elementor-top-column elementor-element elementor-element-a194ebe\" data-id=\"a194ebe\" data-element_type=\"column\">\n\t\t\t<div class=\"elementor-widget-wrap elementor-element-populated\">\n\t\t\t\t\t\t<div class=\"elementor-element elementor-element-724e766 elementor-widget elementor-widget-text-editor\" data-id=\"724e766\" data-element_type=\"widget\" data-widget_type=\"text-editor.default\">\n\t\t\t\t<div class=\"elementor-widget-container\">\n\t\t\t<style>\/*! elementor - v3.19.0 - 29-01-2024 *\/\n.elementor-widget-text-editor.elementor-drop-cap-view-stacked .elementor-drop-cap{background-color:#69727d;color:#fff}.elementor-widget-text-editor.elementor-drop-cap-view-framed .elementor-drop-cap{color:#69727d;border:3px solid;background-color:transparent}.elementor-widget-text-editor:not(.elementor-drop-cap-view-default) .elementor-drop-cap{margin-top:8px}.elementor-widget-text-editor:not(.elementor-drop-cap-view-default) .elementor-drop-cap-letter{width:1em;height:1em}.elementor-widget-text-editor .elementor-drop-cap{float:left;text-align:center;line-height:1;font-size:50px}.elementor-widget-text-editor .elementor-drop-cap-letter{display:inline-block}<\/style>\t\t\t\t<p>Com o r\u00e1pido crescimento de ve\u00edculos el\u00e9tricos nas ruas hoje em dia, a demanda por recarga r\u00e1pida aumenta. A esta\u00e7\u00e3o de recarga ultra r\u00e1pida aumenta drasticamente as velocidades de carregamento.<\/p>\t\t\t\t\t\t<\/div>\n\t\t\t\t<\/div>\n\t\t\t\t\t<\/div>\n\t\t<\/div>\n\t\t\t\t\t<\/div>\n\t\t<\/section>\n\t\t\t\t<section class=\"elementor-section elementor-top-section elementor-element elementor-element-83d7d0f elementor-section-boxed elementor-section-height-default elementor-section-height-default\" data-id=\"83d7d0f\" data-element_type=\"section\">\n\t\t\t\t\t\t<div class=\"elementor-container elementor-column-gap-default\">\n\t\t\t\t\t<div class=\"elementor-column elementor-col-50 elementor-top-column elementor-element elementor-element-7285334\" data-id=\"7285334\" data-element_type=\"column\">\n\t\t\t<div class=\"elementor-widget-wrap elementor-element-populated\">\n\t\t\t\t\t\t<div class=\"elementor-element elementor-element-7deac97 elementor-widget elementor-widget-text-editor\" data-id=\"7deac97\" data-element_type=\"widget\" data-widget_type=\"text-editor.default\">\n\t\t\t\t<div class=\"elementor-widget-container\">\n\t\t\t\t\t\t\t<p><strong>Principais caracter\u00edsticas:<\/strong><\/p><ul><li><p>Carregamento de at\u00e9 420kW<\/p><\/li><li><p>Recarga simult\u00e2nea de at\u00e9 2 ve\u00edculos el\u00e9tricos<\/p><\/li><li><p>Compat\u00edvel com o OCPP 2.0.1 mais recente<\/p><\/li><li><p>ISO15118 Plug&amp;Charge<\/p><\/li><li><p>Distribui\u00e7\u00e3o de carga din\u00e2mica<\/p><\/li><li><p>Corrente operacional e pot\u00eancia ajust\u00e1veis<\/p><\/li><li><p>Identifica\u00e7\u00e3o segura do usu\u00e1rio<\/p><\/li><li><p>Via RFID, aplicativo m\u00f3vel ou terminal de pagamento<\/p><\/li><\/ul>\t\t\t\t\t\t<\/div>\n\t\t\t\t<\/div>\n\t\t\t\t\t<\/div>\n\t\t<\/div>\n\t\t\t\t<div class=\"elementor-column elementor-col-50 elementor-top-column elementor-element elementor-element-5e05a1e\" data-id=\"5e05a1e\" data-element_type=\"column\">\n\t\t\t<div class=\"elementor-widget-wrap elementor-element-populated\">\n\t\t\t\t\t\t<div class=\"elementor-element elementor-element-07a83f2 elementor-widget elementor-widget-image\" data-id=\"07a83f2\" data-element_type=\"widget\" data-widget_type=\"image.default\">\n\t\t\t\t<div class=\"elementor-widget-container\">\n\t\t\t<style>\/*! elementor - v3.19.0 - 29-01-2024 *\/\n.elementor-widget-image{text-align:center}.elementor-widget-image a{display:inline-block}.elementor-widget-image a img[src$=\".svg\"]{width:48px}.elementor-widget-image img{vertical-align:middle;display:inline-block}<\/style>\t\t\t\t\t\t\t\t\t\t<img fetchpriority=\"high\" decoding=\"async\" width=\"1024\" height=\"1024\" src=\"https:\/\/hbcmobility.com.br\/wp-content\/uploads\/2023\/11\/\u4efb\u52a1_3374368_6.png\" class=\"attachment-full size-full wp-image-4829\" alt=\"\" srcset=\"https:\/\/hbcmobility.com.br\/wp-content\/uploads\/2023\/11\/\u4efb\u52a1_3374368_6.png 1024w, https:\/\/hbcmobility.com.br\/wp-content\/uploads\/2023\/11\/\u4efb\u52a1_3374368_6-300x300.png 300w, https:\/\/hbcmobility.com.br\/wp-content\/uploads\/2023\/11\/\u4efb\u52a1_3374368_6-150x150.png 150w, https:\/\/hbcmobility.com.br\/wp-content\/uploads\/2023\/11\/\u4efb\u52a1_3374368_6-768x768.png 768w, https:\/\/hbcmobility.com.br\/wp-content\/uploads\/2023\/11\/\u4efb\u52a1_3374368_6-12x12.png 12w, https:\/\/hbcmobility.com.br\/wp-content\/uploads\/2023\/11\/\u4efb\u52a1_3374368_6-285x285.png 285w, https:\/\/hbcmobility.com.br\/wp-content\/uploads\/2023\/11\/\u4efb\u52a1_3374368_6-270x270.png 270w, https:\/\/hbcmobility.com.br\/wp-content\/uploads\/2023\/11\/\u4efb\u52a1_3374368_6-540x540.png 540w, https:\/\/hbcmobility.com.br\/wp-content\/uploads\/2023\/11\/\u4efb\u52a1_3374368_6-660x660.png 660w\" sizes=\"(max-width: 1024px) 100vw, 1024px\" \/>\t\t\t\t\t\t\t\t\t\t\t\t\t<\/div>\n\t\t\t\t<\/div>\n\t\t\t\t\t<\/div>\n\t\t<\/div>\n\t\t\t\t\t<\/div>\n\t\t<\/section>\n\t\t\t\t<section class=\"elementor-section elementor-top-section elementor-element elementor-element-c44a971 elementor-section-boxed elementor-section-height-default elementor-section-height-default\" data-id=\"c44a971\" data-element_type=\"section\">\n\t\t\t\t\t\t<div class=\"elementor-container elementor-column-gap-default\">\n\t\t\t\t\t<div class=\"elementor-column elementor-col-50 elementor-top-column elementor-element elementor-element-c2d86ee\" data-id=\"c2d86ee\" data-element_type=\"column\">\n\t\t\t<div class=\"elementor-widget-wrap elementor-element-populated\">\n\t\t\t\t\t\t<div class=\"elementor-element elementor-element-4bf0f15 elementor-widget elementor-widget-image\" data-id=\"4bf0f15\" data-element_type=\"widget\" data-widget_type=\"image.default\">\n\t\t\t\t<div class=\"elementor-widget-container\">\n\t\t\t\t\t\t\t\t\t\t\t\t\t<img decoding=\"async\" width=\"750\" height=\"750\" src=\"https:\/\/hbcmobility.com.br\/wp-content\/uploads\/2023\/11\/ultra-fast-charging-station-2-1.png\" class=\"attachment-full size-full wp-image-4830\" alt=\"\" srcset=\"https:\/\/hbcmobility.com.br\/wp-content\/uploads\/2023\/11\/ultra-fast-charging-station-2-1.png 750w, https:\/\/hbcmobility.com.br\/wp-content\/uploads\/2023\/11\/ultra-fast-charging-station-2-1-300x300.png 300w, https:\/\/hbcmobility.com.br\/wp-content\/uploads\/2023\/11\/ultra-fast-charging-station-2-1-150x150.png 150w, https:\/\/hbcmobility.com.br\/wp-content\/uploads\/2023\/11\/ultra-fast-charging-station-2-1-12x12.png 12w, https:\/\/hbcmobility.com.br\/wp-content\/uploads\/2023\/11\/ultra-fast-charging-station-2-1-285x285.png 285w, https:\/\/hbcmobility.com.br\/wp-content\/uploads\/2023\/11\/ultra-fast-charging-station-2-1-270x270.png 270w, https:\/\/hbcmobility.com.br\/wp-content\/uploads\/2023\/11\/ultra-fast-charging-station-2-1-540x540.png 540w, https:\/\/hbcmobility.com.br\/wp-content\/uploads\/2023\/11\/ultra-fast-charging-station-2-1-660x660.png 660w\" sizes=\"(max-width: 750px) 100vw, 750px\" \/>\t\t\t\t\t\t\t\t\t\t\t\t\t<\/div>\n\t\t\t\t<\/div>\n\t\t\t\t\t<\/div>\n\t\t<\/div>\n\t\t\t\t<div class=\"elementor-column elementor-col-50 elementor-top-column elementor-element elementor-element-b41e707\" data-id=\"b41e707\" data-element_type=\"column\">\n\t\t\t<div class=\"elementor-widget-wrap elementor-element-populated\">\n\t\t\t\t\t\t<div class=\"elementor-element elementor-element-366be1c elementor-widget elementor-widget-text-editor\" data-id=\"366be1c\" data-element_type=\"widget\" data-widget_type=\"text-editor.default\">\n\t\t\t\t<div class=\"elementor-widget-container\">\n\t\t\t\t\t\t\t<p><strong><b>V\u00e1rios m\u00e9todos de pagamento <\/b><\/strong><\/p><p>Oferece suporte a varios m\u00e9todos de pagamento atrav\u00e9s do Aplicativo Mov\u00e9l, NFC ou cart\u00e3o RFID \u00a0<\/p>\t\t\t\t\t\t<\/div>\n\t\t\t\t<\/div>\n\t\t\t\t\t<\/div>\n\t\t<\/div>\n\t\t\t\t\t<\/div>\n\t\t<\/section>\n\t\t\t\t<section class=\"elementor-section elementor-top-section elementor-element elementor-element-7479d51 elementor-section-boxed elementor-section-height-default elementor-section-height-default\" data-id=\"7479d51\" data-element_type=\"section\">\n\t\t\t\t\t\t<div class=\"elementor-container elementor-column-gap-default\">\n\t\t\t\t\t<div class=\"elementor-column elementor-col-50 elementor-top-column elementor-element elementor-element-01b3914\" data-id=\"01b3914\" data-element_type=\"column\">\n\t\t\t<div class=\"elementor-widget-wrap elementor-element-populated\">\n\t\t\t\t\t\t<div class=\"elementor-element elementor-element-19e9715 elementor-widget elementor-widget-text-editor\" data-id=\"19e9715\" data-element_type=\"widget\" data-widget_type=\"text-editor.default\">\n\t\t\t\t<div class=\"elementor-widget-container\">\n\t\t\t\t\t\t\t<p><strong><b>Carregue dois carros simultaneamente<\/b><\/strong><\/p><p>Combina\u00e7\u00e3o flex\u00edvel de conectores de carregamento. Suporte a CCS 2. <br> Balancemanento de energia entre 2 ve\u00edculos el\u00e9tricos se a recarga for simult\u00e2neo.<\/p>\t\t\t\t\t\t<\/div>\n\t\t\t\t<\/div>\n\t\t\t\t\t<\/div>\n\t\t<\/div>\n\t\t\t\t<div class=\"elementor-column elementor-col-50 elementor-top-column elementor-element elementor-element-46f16ee\" data-id=\"46f16ee\" data-element_type=\"column\">\n\t\t\t<div class=\"elementor-widget-wrap elementor-element-populated\">\n\t\t\t\t\t\t<div class=\"elementor-element elementor-element-c00efcf elementor-widget elementor-widget-image\" data-id=\"c00efcf\" data-element_type=\"widget\" data-widget_type=\"image.default\">\n\t\t\t\t<div class=\"elementor-widget-container\">\n\t\t\t\t\t\t\t\t\t\t\t\t\t<img decoding=\"async\" width=\"750\" height=\"750\" src=\"https:\/\/hbcmobility.com.br\/wp-content\/uploads\/2023\/11\/ultra-fast-charging-station-3-1.png\" class=\"attachment-full size-full wp-image-4831\" alt=\"\" srcset=\"https:\/\/hbcmobility.com.br\/wp-content\/uploads\/2023\/11\/ultra-fast-charging-station-3-1.png 750w, https:\/\/hbcmobility.com.br\/wp-content\/uploads\/2023\/11\/ultra-fast-charging-station-3-1-300x300.png 300w, https:\/\/hbcmobility.com.br\/wp-content\/uploads\/2023\/11\/ultra-fast-charging-station-3-1-150x150.png 150w, https:\/\/hbcmobility.com.br\/wp-content\/uploads\/2023\/11\/ultra-fast-charging-station-3-1-12x12.png 12w, https:\/\/hbcmobility.com.br\/wp-content\/uploads\/2023\/11\/ultra-fast-charging-station-3-1-285x285.png 285w, https:\/\/hbcmobility.com.br\/wp-content\/uploads\/2023\/11\/ultra-fast-charging-station-3-1-270x270.png 270w, https:\/\/hbcmobility.com.br\/wp-content\/uploads\/2023\/11\/ultra-fast-charging-station-3-1-540x540.png 540w, https:\/\/hbcmobility.com.br\/wp-content\/uploads\/2023\/11\/ultra-fast-charging-station-3-1-660x660.png 660w\" sizes=\"(max-width: 750px) 100vw, 750px\" \/>\t\t\t\t\t\t\t\t\t\t\t\t\t<\/div>\n\t\t\t\t<\/div>\n\t\t\t\t\t<\/div>\n\t\t<\/div>\n\t\t\t\t\t<\/div>\n\t\t<\/section>\n\t\t\t\t<section class=\"elementor-section elementor-top-section elementor-element elementor-element-f676a35 elementor-section-boxed elementor-section-height-default elementor-section-height-default\" data-id=\"f676a35\" data-element_type=\"section\">\n\t\t\t\t\t\t<div class=\"elementor-container elementor-column-gap-default\">\n\t\t\t\t\t<div class=\"elementor-column elementor-col-50 elementor-top-column elementor-element elementor-element-95c2c8f\" data-id=\"95c2c8f\" data-element_type=\"column\">\n\t\t\t<div class=\"elementor-widget-wrap elementor-element-populated\">\n\t\t\t\t\t\t<div class=\"elementor-element elementor-element-fefd379 elementor-widget elementor-widget-image\" data-id=\"fefd379\" data-element_type=\"widget\" data-widget_type=\"image.default\">\n\t\t\t\t<div class=\"elementor-widget-container\">\n\t\t\t\t\t\t\t\t\t\t\t\t\t<img loading=\"lazy\" decoding=\"async\" width=\"750\" height=\"750\" src=\"https:\/\/hbcmobility.com.br\/wp-content\/uploads\/2023\/11\/ultra-fast-charging-station-1-1-1.png\" class=\"attachment-full size-full wp-image-4832\" alt=\"\" srcset=\"https:\/\/hbcmobility.com.br\/wp-content\/uploads\/2023\/11\/ultra-fast-charging-station-1-1-1.png 750w, https:\/\/hbcmobility.com.br\/wp-content\/uploads\/2023\/11\/ultra-fast-charging-station-1-1-1-300x300.png 300w, https:\/\/hbcmobility.com.br\/wp-content\/uploads\/2023\/11\/ultra-fast-charging-station-1-1-1-150x150.png 150w, https:\/\/hbcmobility.com.br\/wp-content\/uploads\/2023\/11\/ultra-fast-charging-station-1-1-1-12x12.png 12w, https:\/\/hbcmobility.com.br\/wp-content\/uploads\/2023\/11\/ultra-fast-charging-station-1-1-1-285x285.png 285w, https:\/\/hbcmobility.com.br\/wp-content\/uploads\/2023\/11\/ultra-fast-charging-station-1-1-1-270x270.png 270w, https:\/\/hbcmobility.com.br\/wp-content\/uploads\/2023\/11\/ultra-fast-charging-station-1-1-1-540x540.png 540w, https:\/\/hbcmobility.com.br\/wp-content\/uploads\/2023\/11\/ultra-fast-charging-station-1-1-1-660x660.png 660w\" sizes=\"(max-width: 750px) 100vw, 750px\" \/>\t\t\t\t\t\t\t\t\t\t\t\t\t<\/div>\n\t\t\t\t<\/div>\n\t\t\t\t\t<\/div>\n\t\t<\/div>\n\t\t\t\t<div class=\"elementor-column elementor-col-50 elementor-top-column elementor-element elementor-element-7c15c6e\" data-id=\"7c15c6e\" data-element_type=\"column\">\n\t\t\t<div class=\"elementor-widget-wrap elementor-element-populated\">\n\t\t\t\t\t\t<div class=\"elementor-element elementor-element-e722b97 elementor-widget elementor-widget-text-editor\" data-id=\"e722b97\" data-element_type=\"widget\" data-widget_type=\"text-editor.default\">\n\t\t\t\t<div class=\"elementor-widget-container\">\n\t\t\t\t\t\t\t<p><strong><b>Sistema de armazenamento de energia<\/b><\/strong><\/p><p>Os equipamentos de armazenamento de energia s\u00e3o sempre necess\u00e1rios para aplica\u00e7\u00f5es de recarga de ve\u00edculos el\u00e9tricos com carregadores DC ultra r\u00e1pidos. Com a solu\u00e7\u00e3o do sistema de armazenamento de energia e o sistema de carregamento de ve\u00edculos el\u00e9tricos, \u00e9 poss\u00edvel trabalhar harmoniosamente com o sistema fotovoltaico e o sistema de armazenamento de energia para a recarga DC ultra r\u00e1pida.<\/p>\t\t\t\t\t\t<\/div>\n\t\t\t\t<\/div>\n\t\t\t\t\t<\/div>\n\t\t<\/div>\n\t\t\t\t\t<\/div>\n\t\t<\/section>\n\t\t\t\t<\/div>","protected":false},"excerpt":{"rendered":"<div class=\"pro_main_text clearfix\">\n<div class=\"pro_main_text clearfix\">\n<div class=\"pro_main_text clearfix\">\n<div class=\"pro_main_text clearfix\">\n<div class=\"pro_main_text clearfix\">\n<div class=\"pro_main_text clearfix\">\n<p>Projetado para atender \u00e0s demandas de recarga r\u00e1pida.<\/p>\n<p class=\"\">Tens\u00e3o de entrada: 400V\u00b115% AC trif\u00e1sico<br \/>\nPot\u00eancia m\u00e1xima de sa\u00edda DC: 240kW\/300kW\/360kW\/420kW<br \/>\nFaixa de tens\u00e3o DC de sa\u00edda: 150-1000V DC<br \/>\nTela: 8\" Tela LCD sens\u00edvel ao toque TFT<br \/>\nInterface de rede: Ethernet \/ 4G<br \/>\nOCPP: suporte completo a perfis OCPP 1.6J\/ OCPP 2.0.1<br \/>\nPlug&amp;Charge ISO15118: Atualiz\u00e1vel<br \/>\nGrau de prote\u00e7\u00e3o:  IP55<br \/>\nInterface de carregamento: CCS2 dupla<br \/>\nTipo de montagem: Piso<br \/>\nDimens\u00e3o: 2200\u00d7850\u00d71100mm<\/p>\n<\/div>\n<\/div>\n<\/div>\n<\/div>\n<\/div>\n<\/div>","protected":false},"featured_media":4827,"template":"","meta":[],"product_cat":[56],"product_tag":[81,83,82],"_links":{"self":[{"href":"https:\/\/hbcmobility.com.br\/br\/wp-json\/wp\/v2\/product\/5407"}],"collection":[{"href":"https:\/\/hbcmobility.com.br\/br\/wp-json\/wp\/v2\/product"}],"about":[{"href":"https:\/\/hbcmobility.com.br\/br\/wp-json\/wp\/v2\/types\/product"}],"version-history":[{"count":11,"href":"https:\/\/hbcmobility.com.br\/br\/wp-json\/wp\/v2\/product\/5407\/revisions"}],"predecessor-version":[{"id":5468,"href":"https:\/\/hbcmobility.com.br\/br\/wp-json\/wp\/v2\/product\/5407\/revisions\/5468"}],"wp:featuredmedia":[{"embeddable":true,"href":"https:\/\/hbcmobility.com.br\/br\/wp-json\/wp\/v2\/media\/4827"}],"wp:attachment":[{"href":"https:\/\/hbcmobility.com.br\/br\/wp-json\/wp\/v2\/media?parent=5407"}],"wp:term":[{"taxonomy":"product_cat","embeddable":true,"href":"https:\/\/hbcmobility.com.br\/br\/wp-json\/wp\/v2\/product_cat?post=5407"},{"taxonomy":"product_tag","embeddable":true,"href":"https:\/\/hbcmobility.com.br\/br\/wp-json\/wp\/v2\/product_tag?post=5407"}],"curies":[{"name":"wp","href":"https:\/\/api.w.org\/{rel}","templated":true}]}}